{"id":12073,"date":"2025-10-09T12:32:03","date_gmt":"2025-10-09T16:32:03","guid":{"rendered":"https:\/\/cliniquespectrum.com\/?page_id=12073"},"modified":"2025-12-18T20:58:55","modified_gmt":"2025-12-19T01:58:55","slug":"l-entrevue-developpementale-fev26","status":"publish","type":"page","link":"https:\/\/cliniquespectrum.com\/fr\/l-entrevue-developpementale-fev26\/","title":{"rendered":"L\u2019Entrevue d\u00e9veloppementale dans l\u2019\u00e9valuation diagnostique du trouble du spectre de l\u2019autisme"},"content":{"rendered":"<p>[et_pb_section fb_built=\u00a0\u00bb1&Prime; module_class=\u00a0\u00bbtraining\u00a0\u00bb _builder_version=\u00a0\u00bb4.16&Prime; global_colors_info=\u00a0\u00bb{}\u00a0\u00bb][et_pb_row column_structure=\u00a0\u00bb2_3,1_3&Prime; _builder_version=\u00a0\u00bb4.16&Prime; custom_margin=\u00a0\u00bb||0px||false|false\u00a0\u00bb custom_padding=\u00a0\u00bb||0px||false|false\u00a0\u00bb global_colors_info=\u00a0\u00bb{}\u00a0\u00bb][et_pb_column type=\u00a0\u00bb2_3&Prime; _builder_version=\u00a0\u00bb4.16&Prime; custom_padding=\u00a0\u00bb|||\u00a0\u00bb global_colors_info=\u00a0\u00bb{}\u00a0\u00bb custom_padding__hover=\u00a0\u00bb|||\u00a0\u00bb][et_pb_text admin_label=\u00a0\u00bbTitle and Training\u00a0\u00bb module_class=\u00a0\u00bbtitle\u00a0\u00bb _builder_version=\u00a0\u00bb4.27.5&Prime; custom_margin=\u00a0\u00bb||||false|false\u00a0\u00bb hover_enabled=\u00a0\u00bb0&Prime; global_colors_info=\u00a0\u00bb{}\u00a0\u00bb sticky_enabled=\u00a0\u00bb0&Prime;]<\/p>\n<h2>L\u2019Entrevue d\u00e9veloppementale dans l\u2019\u00e9valuation diagnostique du trouble du spectre de l\u2019autisme \u2013 <span class=\"red\">en ligne<\/span><\/h2>\n<p><strong>Date : <\/strong>Lundi 23 f\u00e9vrier 2026, de 9h \u00e0 13h (heure normale de l\u2019Est, UTC-5)<br \/><strong>Votre formatrice : <\/strong><a href=\"https:\/\/cliniquespectrum.com\/fr\/equipe\/#Simon\">Dre Rebecca Simon<\/a><br \/><strong>Tarif : <\/strong>300 $ CAD (plus TPS &amp; TVQ)<br \/><strong>Dur\u00e9e : <\/strong>4 heures<br \/><strong>Langue : <\/strong>En fran\u00e7ais<br \/> <strong>Date limite d&rsquo;inscription :<\/strong> Mercredi 18 f\u00e9vrier 2026<\/p>\n<p>[\/et_pb_text][et_pb_text admin_label=\u00a0\u00bbSeals\u00a0\u00bb module_class=\u00a0\u00bbtitle\u00a0\u00bb _builder_version=\u00a0\u00bb4.27.4&Prime; custom_margin=\u00a0\u00bb||||false|false\u00a0\u00bb global_colors_info=\u00a0\u00bb{}\u00a0\u00bb]<img decoding=\"async\" src=\"https:\/\/cliniquespectrum.com\/wp-content\/uploads\/2022\/03\/OPQ-rectangle.jpg\" alt=\"4 hours of continuing education recognized by the Ordre des psychologues du Qu\u00e9bec\" class=\"alignleft\" style=\"margin-top: 16.5px;\" \/> <img loading=\"lazy\" decoding=\"async\" src=\"https:\/\/cliniquespectrum.com\/wp-content\/uploads\/2025\/03\/seal-4-heures-OPQ.jpg\" alt=\"4hours of continuing education recognized by the Ordre des psychologues du Qu\u00e9bec\" class=\"alignleft size-full\" width=\"120\" height=\"120\" \/> <span class=\"break\">4 heures de formation continue reconnues par l\u2019Ordre des psychologues du Qu\u00e9bec<\/span><\/p>\n<div class=\"clear\"><\/div>\n<p>[\/et_pb_text][et_pb_button button_url=\u00a0\u00bbhttps:\/\/cliniquespectrum.com\/fr\/formulaire-de-demande-entrevue-developpementale-fev26\/\u00a0\u00bb button_text=\u00a0\u00bbPour vous inscrire\u00a0\u00bb admin_label=\u00a0\u00bbPour vous inscrire\u00a0\u00bb _builder_version=\u00a0\u00bb4.27.4&Prime; _module_preset=\u00a0\u00bbdefault\u00a0\u00bb global_colors_info=\u00a0\u00bb{}\u00a0\u00bb][\/et_pb_button][et_pb_text _builder_version=\u00a0\u00bb4.27.4&Prime; global_colors_info=\u00a0\u00bb{}\u00a0\u00bb]<\/p>\n<h3>Description de la formation<\/h3>\n<p>L\u2019\u00e9valuation diagnostique du <strong>trouble du spectre de l\u2019autisme (TSA)<\/strong> comprend toujours une <strong>observation clinique<\/strong> (souvent \u00e0 l\u2019aide d\u2019un outil standardis\u00e9 tel que l\u2019ADOS-2) et une <strong>entrevue d\u00e9veloppementale<\/strong>. Celle-ci vise \u00e0 recueillir un <strong>historique d\u00e9taill\u00e9 du d\u00e9veloppement de l\u2019individu<\/strong>, afin d\u2019\u00e9valuer si les sympt\u00f4mes observ\u00e9s remplissent les crit\u00e8res diagnostiques du <strong>DSM-5<\/strong>.<\/p>\n<p>Cette <strong>formation de 4 heures<\/strong> s\u2019adresse aux professionnels qui r\u00e9alisent des \u00e9valuations diagnostiques du TSA et souhaitent approfondir leurs connaissances sur la <strong>collecte et la structuration d\u2019un historique d\u00e9veloppemental adapt\u00e9 sp\u00e9cifiquement \u00e0 l\u2019\u00e9valuation du TSA<\/strong>.<\/p>\n<p>La pr\u00e9sentation comprendra :<\/p>\n<ul>\n<li>une revue des <strong>\u00e9tapes de l\u2019\u00e9valuation diagnostique<\/strong> du TSA ;<\/li>\n<li>une pr\u00e9sentation d\u00e9taill\u00e9e des <strong>\u00e9l\u00e9ments cl\u00e9s<\/strong> et des <strong>questions d\u2019entrevue<\/strong> \u00e0 inclure dans un historique de d\u00e9veloppement complet et pertinent.<\/li>\n<\/ul>\n<p>[\/et_pb_text][et_pb_divider _builder_version=\u00a0\u00bb4.27.4&Prime; _module_preset=\u00a0\u00bbdefault\u00a0\u00bb width=\u00a0\u00bb60%\u00a0\u00bb module_alignment=\u00a0\u00bbcenter\u00a0\u00bb global_colors_info=\u00a0\u00bb{}\u00a0\u00bb][\/et_pb_divider][et_pb_text _builder_version=\u00a0\u00bb4.27.4&Prime; global_colors_info=\u00a0\u00bb{}\u00a0\u00bb]<\/p>\n<h3>\u00c9quipement technique requis<\/h3>\n<p>Pour assurer une participation optimale \u00e0 la formation, chaque participant doit disposer de :<\/p>\n<ul>\n<li><strong>\u00c9couteurs<\/strong> (pour une bonne qualit\u00e9 d\u2019\u00e9coute)<\/li>\n<li><strong>Connexion Internet haute vitesse stable<\/strong><\/li>\n<li><strong>Ordinateur (et non un t\u00e9l\u00e9phone)<\/strong> afin de participer pleinement \u00e0 la formation et aux activit\u00e9s interactives<\/li>\n<\/ul>\n<p>[\/et_pb_text][et_pb_divider _builder_version=\u00a0\u00bb4.27.4&Prime; _module_preset=\u00a0\u00bbdefault\u00a0\u00bb width=\u00a0\u00bb60%\u00a0\u00bb module_alignment=\u00a0\u00bbcenter\u00a0\u00bb global_colors_info=\u00a0\u00bb{}\u00a0\u00bb][\/et_pb_divider][et_pb_text admin_label=\u00a0\u00bbTrainers\u00a0\u00bb _builder_version=\u00a0\u00bb4.27.4&Prime; global_colors_info=\u00a0\u00bb{}\u00a0\u00bb]<\/p>\n<h3>Votre formatrice<\/h3>\n<p><strong>Dre Rebecca Simon, Ph.D.<\/strong>, est psychologue \u00e0 la <strong>Clinique Spectrum<\/strong> et associ\u00e9e de recherche \u00e0 l\u2019<strong>Institut de recherche du CUSM<\/strong>.<\/p>\n<p>Elle r\u00e9alise des \u00e9valuations diagnostiques de troubles neurod\u00e9veloppementaux depuis 2008 et d\u00e9tient une <strong>certification du University of Michigan Autism and Communication Disorders Center (UMACC)<\/strong> en tant que <em>formatrice ADOS-2<\/em>.<\/p>\n<p>[\/et_pb_text][et_pb_text _builder_version=\u00a0\u00bb4.27.4&Prime; _module_preset=\u00a0\u00bbdefault\u00a0\u00bb global_colors_info=\u00a0\u00bb{}\u00a0\u00bb]<\/p>\n<h3>Public cible<\/h3>\n<p>Cette formation s\u2019adresse aux <strong>professionnels impliqu\u00e9s dans l\u2019\u00e9valuation diagnostique du TSA<\/strong>, notamment :<\/p>\n<ul>\n<li>psychologues \/ neuropsychologues<\/li>\n<li>m\u00e9decins \/ psychiatres<\/li>\n<li>orthophonistes<\/li>\n<li>\u00e9ducateurs sp\u00e9cialis\u00e9s<\/li>\n<\/ul>\n<p>[\/et_pb_text][et_pb_text admin_label=\u00a0\u00bbCancellation Policy\u00a0\u00bb _builder_version=\u00a0\u00bb4.27.4&Prime; global_colors_info=\u00a0\u00bb{}\u00a0\u00bb]<\/p>\n<h3>Politique d\u2019annulation<\/h3>\n<ul>\n<li>Remboursement complet <strong>moins 50 $ de frais administratifs<\/strong> si la demande est re\u00e7ue <strong>au moins 15 jours avant<\/strong> l\u2019\u00e9v\u00e9nement.<\/li>\n<li>Aucun remboursement possible <strong>dans les 15 jours pr\u00e9c\u00e9dant<\/strong> la formation.<\/li>\n<li><strong>Clinique Spectrum<\/strong> se r\u00e9serve le droit d\u2019annuler la formation si le nombre d\u2019inscriptions est insuffisant.<\/li>\n<\/ul>\n<p>[\/et_pb_text][et_pb_button button_url=\u00a0\u00bbhttps:\/\/cliniquespectrum.com\/fr\/formulaire-de-demande-entrevue-developpementale-fev26\/\u00a0\u00bb button_text=\u00a0\u00bbPour vous inscrire\u00a0\u00bb admin_label=\u00a0\u00bbPour vous inscrire\u00a0\u00bb _builder_version=\u00a0\u00bb4.27.4&Prime; _module_preset=\u00a0\u00bbdefault\u00a0\u00bb global_colors_info=\u00a0\u00bb{}\u00a0\u00bb][\/et_pb_button][\/et_pb_column][et_pb_column type=\u00a0\u00bb1_3&Prime; _builder_version=\u00a0\u00bb4.16&Prime; custom_padding=\u00a0\u00bb|||\u00a0\u00bb global_colors_info=\u00a0\u00bb{}\u00a0\u00bb custom_padding__hover=\u00a0\u00bb|||\u00a0\u00bb][et_pb_sidebar area=\u00a0\u00bbet_pb_widget_area_2&Prime; admin_label=\u00a0\u00bbSidebar\u00a0\u00bb _builder_version=\u00a0\u00bb4.16&Prime; global_colors_info=\u00a0\u00bb{}\u00a0\u00bb][\/et_pb_sidebar][et_pb_image src=\u00a0\u00bbhttps:\/\/cliniquespectrum.com\/wp-content\/uploads\/2025\/10\/Entrevue-dev-26-fev-2026.jpg\u00a0\u00bb alt=\u00a0\u00bbEntrevue d\u00e9veloppementale\u00a0\u00bb title_text=\u00a0\u00bbEntrevue dev &#8211; 26 fev 2026&Prime; show_in_lightbox=\u00a0\u00bbon\u00a0\u00bb align_tablet=\u00a0\u00bbcenter\u00a0\u00bb align_phone=\u00a0\u00bb\u00a0\u00bb align_last_edited=\u00a0\u00bbon|desktop\u00a0\u00bb admin_label=\u00a0\u00bbTraining Poster\u00a0\u00bb _builder_version=\u00a0\u00bb4.27.4&Prime; global_colors_info=\u00a0\u00bb{}\u00a0\u00bb][\/et_pb_image][\/et_pb_column][\/et_pb_row][\/et_pb_section]<\/p>\n","protected":false},"excerpt":{"rendered":"<p>L\u2019Entrevue d\u00e9veloppementale dans l\u2019\u00e9valuation diagnostique du trouble du spectre de l\u2019autisme \u2013 en ligne Date : Lundi 23 f\u00e9vrier 2026, de 9h \u00e0 13h (heure normale de l\u2019Est, UTC-5)Votre formatrice : Dre Rebecca SimonTarif : 300 $ CAD (plus TPS &amp; TVQ)Dur\u00e9e : 4 heuresLangue : En fran\u00e7ais Date limite d&rsquo;inscription : Mercredi 18 f\u00e9vrier [&hellip;]<\/p>\n","protected":false},"author":1,"featured_media":0,"parent":0,"menu_order":26,"comment_status":"closed","ping_status":"closed","template":"","meta":{"_et_pb_use_builder":"on","_et_pb_old_content":"","_et_gb_content_width":"","footnotes":""},"class_list":["post-12073","page","type-page","status-publish","hentry"],"yoast_head":"<!-- This site is optimized with the Yoast SEO plugin v27.3 - https:\/\/yoast.com\/product\/yoast-seo-wordpress\/ -->\n<title>L\u2019Entrevue d\u00e9veloppementale dans l\u2019\u00e9valuation diagnostique du trouble du spectre de l\u2019autisme - Clinique Spectrum<\/title>\n<meta name=\"robots\" content=\"index, follow, max-snippet:-1, max-image-preview:large, max-video-preview:-1\" \/>\n<link rel=\"canonical\" href=\"https:\/\/cliniquespectrum.com\/fr\/l-entrevue-developpementale-fev26\/\" \/>\n<meta property=\"og:locale\" content=\"fr_FR\" \/>\n<meta property=\"og:type\" content=\"article\" \/>\n<meta property=\"og:title\" content=\"L\u2019Entrevue d\u00e9veloppementale dans l\u2019\u00e9valuation diagnostique du trouble du spectre de l\u2019autisme - Clinique Spectrum\" \/>\n<meta property=\"og:description\" content=\"L\u2019Entrevue d\u00e9veloppementale dans l\u2019\u00e9valuation diagnostique du trouble du spectre de l\u2019autisme \u2013 en ligne Date : Lundi 23 f\u00e9vrier 2026, de 9h \u00e0 13h (heure normale de l\u2019Est, UTC-5)Votre formatrice : Dre Rebecca SimonTarif : 300 $ CAD (plus TPS &amp; TVQ)Dur\u00e9e : 4 heuresLangue : En fran\u00e7ais Date limite d&#039;inscription : Mercredi 18 f\u00e9vrier [&hellip;]\" \/>\n<meta property=\"og:url\" content=\"https:\/\/cliniquespectrum.com\/fr\/l-entrevue-developpementale-fev26\/\" \/>\n<meta property=\"og:site_name\" content=\"Clinique Spectrum\" \/>\n<meta property=\"article:publisher\" content=\"https:\/\/www.facebook.com\/CliniqueSpectrum\/\" \/>\n<meta property=\"article:modified_time\" content=\"2025-12-19T01:58:55+00:00\" \/>\n<meta property=\"og:image\" content=\"https:\/\/cliniquespectrum.com\/wp-content\/uploads\/2022\/03\/OPQ-rectangle.jpg\" \/>\n<meta name=\"twitter:card\" content=\"summary_large_image\" \/>\n<meta name=\"twitter:label1\" content=\"Dur\u00e9e de lecture estim\u00e9e\" \/>\n\t<meta name=\"twitter:data1\" content=\"2 minutes\" \/>\n<script type=\"application\/ld+json\" class=\"yoast-schema-graph\">{\"@context\":\"https:\\\/\\\/schema.org\",\"@graph\":[{\"@type\":\"WebPage\",\"@id\":\"https:\\\/\\\/cliniquespectrum.com\\\/fr\\\/l-entrevue-developpementale-fev26\\\/\",\"url\":\"https:\\\/\\\/cliniquespectrum.com\\\/fr\\\/l-entrevue-developpementale-fev26\\\/\",\"name\":\"L\u2019Entrevue d\u00e9veloppementale dans l\u2019\u00e9valuation diagnostique du trouble du spectre de l\u2019autisme - Clinique Spectrum\",\"isPartOf\":{\"@id\":\"https:\\\/\\\/cliniquespectrum.com\\\/#website\"},\"primaryImageOfPage\":{\"@id\":\"https:\\\/\\\/cliniquespectrum.com\\\/fr\\\/l-entrevue-developpementale-fev26\\\/#primaryimage\"},\"image\":{\"@id\":\"https:\\\/\\\/cliniquespectrum.com\\\/fr\\\/l-entrevue-developpementale-fev26\\\/#primaryimage\"},\"thumbnailUrl\":\"https:\\\/\\\/cliniquespectrum.com\\\/wp-content\\\/uploads\\\/2022\\\/03\\\/OPQ-rectangle.jpg\",\"datePublished\":\"2025-10-09T16:32:03+00:00\",\"dateModified\":\"2025-12-19T01:58:55+00:00\",\"breadcrumb\":{\"@id\":\"https:\\\/\\\/cliniquespectrum.com\\\/fr\\\/l-entrevue-developpementale-fev26\\\/#breadcrumb\"},\"inLanguage\":\"fr-FR\",\"potentialAction\":[{\"@type\":\"ReadAction\",\"target\":[\"https:\\\/\\\/cliniquespectrum.com\\\/fr\\\/l-entrevue-developpementale-fev26\\\/\"]}]},{\"@type\":\"ImageObject\",\"inLanguage\":\"fr-FR\",\"@id\":\"https:\\\/\\\/cliniquespectrum.com\\\/fr\\\/l-entrevue-developpementale-fev26\\\/#primaryimage\",\"url\":\"https:\\\/\\\/cliniquespectrum.com\\\/wp-content\\\/uploads\\\/2022\\\/03\\\/OPQ-rectangle.jpg\",\"contentUrl\":\"https:\\\/\\\/cliniquespectrum.com\\\/wp-content\\\/uploads\\\/2022\\\/03\\\/OPQ-rectangle.jpg\"},{\"@type\":\"BreadcrumbList\",\"@id\":\"https:\\\/\\\/cliniquespectrum.com\\\/fr\\\/l-entrevue-developpementale-fev26\\\/#breadcrumb\",\"itemListElement\":[{\"@type\":\"ListItem\",\"position\":1,\"name\":\"Home\",\"item\":\"https:\\\/\\\/cliniquespectrum.com\\\/fr\\\/\"},{\"@type\":\"ListItem\",\"position\":2,\"name\":\"L\u2019Entrevue d\u00e9veloppementale dans l\u2019\u00e9valuation diagnostique du trouble du spectre de l\u2019autisme\"}]},{\"@type\":\"WebSite\",\"@id\":\"https:\\\/\\\/cliniquespectrum.com\\\/#website\",\"url\":\"https:\\\/\\\/cliniquespectrum.com\\\/\",\"name\":\"Clinique Spectrum\",\"description\":\"dev site\",\"publisher\":{\"@id\":\"https:\\\/\\\/cliniquespectrum.com\\\/#organization\"},\"potentialAction\":[{\"@type\":\"SearchAction\",\"target\":{\"@type\":\"EntryPoint\",\"urlTemplate\":\"https:\\\/\\\/cliniquespectrum.com\\\/?s={search_term_string}\"},\"query-input\":{\"@type\":\"PropertyValueSpecification\",\"valueRequired\":true,\"valueName\":\"search_term_string\"}}],\"inLanguage\":\"fr-FR\"},{\"@type\":\"Organization\",\"@id\":\"https:\\\/\\\/cliniquespectrum.com\\\/#organization\",\"name\":\"Clinique Spectrum\",\"url\":\"https:\\\/\\\/cliniquespectrum.com\\\/\",\"logo\":{\"@type\":\"ImageObject\",\"inLanguage\":\"fr-FR\",\"@id\":\"https:\\\/\\\/cliniquespectrum.com\\\/#\\\/schema\\\/logo\\\/image\\\/\",\"url\":\"https:\\\/\\\/i2.wp.com\\\/cliniquespectrum.com\\\/wp-content\\\/uploads\\\/2018\\\/12\\\/clinique-spectrum-logo-1.jpg?fit=412%2C93&ssl=1\",\"contentUrl\":\"https:\\\/\\\/i2.wp.com\\\/cliniquespectrum.com\\\/wp-content\\\/uploads\\\/2018\\\/12\\\/clinique-spectrum-logo-1.jpg?fit=412%2C93&ssl=1\",\"width\":412,\"height\":93,\"caption\":\"Clinique Spectrum\"},\"image\":{\"@id\":\"https:\\\/\\\/cliniquespectrum.com\\\/#\\\/schema\\\/logo\\\/image\\\/\"},\"sameAs\":[\"https:\\\/\\\/www.facebook.com\\\/CliniqueSpectrum\\\/\"]}]}<\/script>\n<!-- \/ Yoast SEO plugin. -->","yoast_head_json":{"title":"L\u2019Entrevue d\u00e9veloppementale dans l\u2019\u00e9valuation diagnostique du trouble du spectre de l\u2019autisme - Clinique Spectrum","robots":{"index":"index","follow":"follow","max-snippet":"max-snippet:-1","max-image-preview":"max-image-preview:large","max-video-preview":"max-video-preview:-1"},"canonical":"https:\/\/cliniquespectrum.com\/fr\/l-entrevue-developpementale-fev26\/","og_locale":"fr_FR","og_type":"article","og_title":"L\u2019Entrevue d\u00e9veloppementale dans l\u2019\u00e9valuation diagnostique du trouble du spectre de l\u2019autisme - Clinique Spectrum","og_description":"L\u2019Entrevue d\u00e9veloppementale dans l\u2019\u00e9valuation diagnostique du trouble du spectre de l\u2019autisme \u2013 en ligne Date : Lundi 23 f\u00e9vrier 2026, de 9h \u00e0 13h (heure normale de l\u2019Est, UTC-5)Votre formatrice : Dre Rebecca SimonTarif : 300 $ CAD (plus TPS &amp; TVQ)Dur\u00e9e : 4 heuresLangue : En fran\u00e7ais Date limite d'inscription : Mercredi 18 f\u00e9vrier [&hellip;]","og_url":"https:\/\/cliniquespectrum.com\/fr\/l-entrevue-developpementale-fev26\/","og_site_name":"Clinique Spectrum","article_publisher":"https:\/\/www.facebook.com\/CliniqueSpectrum\/","article_modified_time":"2025-12-19T01:58:55+00:00","og_image":[{"url":"https:\/\/cliniquespectrum.com\/wp-content\/uploads\/2022\/03\/OPQ-rectangle.jpg","type":"","width":"","height":""}],"twitter_card":"summary_large_image","twitter_misc":{"Dur\u00e9e de lecture estim\u00e9e":"2 minutes"},"schema":{"@context":"https:\/\/schema.org","@graph":[{"@type":"WebPage","@id":"https:\/\/cliniquespectrum.com\/fr\/l-entrevue-developpementale-fev26\/","url":"https:\/\/cliniquespectrum.com\/fr\/l-entrevue-developpementale-fev26\/","name":"L\u2019Entrevue d\u00e9veloppementale dans l\u2019\u00e9valuation diagnostique du trouble du spectre de l\u2019autisme - Clinique Spectrum","isPartOf":{"@id":"https:\/\/cliniquespectrum.com\/#website"},"primaryImageOfPage":{"@id":"https:\/\/cliniquespectrum.com\/fr\/l-entrevue-developpementale-fev26\/#primaryimage"},"image":{"@id":"https:\/\/cliniquespectrum.com\/fr\/l-entrevue-developpementale-fev26\/#primaryimage"},"thumbnailUrl":"https:\/\/cliniquespectrum.com\/wp-content\/uploads\/2022\/03\/OPQ-rectangle.jpg","datePublished":"2025-10-09T16:32:03+00:00","dateModified":"2025-12-19T01:58:55+00:00","breadcrumb":{"@id":"https:\/\/cliniquespectrum.com\/fr\/l-entrevue-developpementale-fev26\/#breadcrumb"},"inLanguage":"fr-FR","potentialAction":[{"@type":"ReadAction","target":["https:\/\/cliniquespectrum.com\/fr\/l-entrevue-developpementale-fev26\/"]}]},{"@type":"ImageObject","inLanguage":"fr-FR","@id":"https:\/\/cliniquespectrum.com\/fr\/l-entrevue-developpementale-fev26\/#primaryimage","url":"https:\/\/cliniquespectrum.com\/wp-content\/uploads\/2022\/03\/OPQ-rectangle.jpg","contentUrl":"https:\/\/cliniquespectrum.com\/wp-content\/uploads\/2022\/03\/OPQ-rectangle.jpg"},{"@type":"BreadcrumbList","@id":"https:\/\/cliniquespectrum.com\/fr\/l-entrevue-developpementale-fev26\/#breadcrumb","itemListElement":[{"@type":"ListItem","position":1,"name":"Home","item":"https:\/\/cliniquespectrum.com\/fr\/"},{"@type":"ListItem","position":2,"name":"L\u2019Entrevue d\u00e9veloppementale dans l\u2019\u00e9valuation diagnostique du trouble du spectre de l\u2019autisme"}]},{"@type":"WebSite","@id":"https:\/\/cliniquespectrum.com\/#website","url":"https:\/\/cliniquespectrum.com\/","name":"Clinique Spectrum","description":"dev site","publisher":{"@id":"https:\/\/cliniquespectrum.com\/#organization"},"potentialAction":[{"@type":"SearchAction","target":{"@type":"EntryPoint","urlTemplate":"https:\/\/cliniquespectrum.com\/?s={search_term_string}"},"query-input":{"@type":"PropertyValueSpecification","valueRequired":true,"valueName":"search_term_string"}}],"inLanguage":"fr-FR"},{"@type":"Organization","@id":"https:\/\/cliniquespectrum.com\/#organization","name":"Clinique Spectrum","url":"https:\/\/cliniquespectrum.com\/","logo":{"@type":"ImageObject","inLanguage":"fr-FR","@id":"https:\/\/cliniquespectrum.com\/#\/schema\/logo\/image\/","url":"https:\/\/i2.wp.com\/cliniquespectrum.com\/wp-content\/uploads\/2018\/12\/clinique-spectrum-logo-1.jpg?fit=412%2C93&ssl=1","contentUrl":"https:\/\/i2.wp.com\/cliniquespectrum.com\/wp-content\/uploads\/2018\/12\/clinique-spectrum-logo-1.jpg?fit=412%2C93&ssl=1","width":412,"height":93,"caption":"Clinique Spectrum"},"image":{"@id":"https:\/\/cliniquespectrum.com\/#\/schema\/logo\/image\/"},"sameAs":["https:\/\/www.facebook.com\/CliniqueSpectrum\/"]}]}},"_links":{"self":[{"href":"https:\/\/cliniquespectrum.com\/fr\/wp-json\/wp\/v2\/pages\/12073","targetHints":{"allow":["GET"]}}],"collection":[{"href":"https:\/\/cliniquespectrum.com\/fr\/wp-json\/wp\/v2\/pages"}],"about":[{"href":"https:\/\/cliniquespectrum.com\/fr\/wp-json\/wp\/v2\/types\/page"}],"author":[{"embeddable":true,"href":"https:\/\/cliniquespectrum.com\/fr\/wp-json\/wp\/v2\/users\/1"}],"replies":[{"embeddable":true,"href":"https:\/\/cliniquespectrum.com\/fr\/wp-json\/wp\/v2\/comments?post=12073"}],"version-history":[{"count":4,"href":"https:\/\/cliniquespectrum.com\/fr\/wp-json\/wp\/v2\/pages\/12073\/revisions"}],"predecessor-version":[{"id":12478,"href":"https:\/\/cliniquespectrum.com\/fr\/wp-json\/wp\/v2\/pages\/12073\/revisions\/12478"}],"wp:attachment":[{"href":"https:\/\/cliniquespectrum.com\/fr\/wp-json\/wp\/v2\/media?parent=12073"}],"curies":[{"name":"wp","href":"https:\/\/api.w.org\/{rel}","templated":true}]}}