{"id":12075,"date":"2025-10-09T12:32:37","date_gmt":"2025-10-09T16:32:37","guid":{"rendered":"https:\/\/cliniquespectrum.com\/?page_id=12075"},"modified":"2025-10-09T13:32:03","modified_gmt":"2025-10-09T17:32:03","slug":"formulaire-de-demande-entrevue-developpementale-fev26","status":"publish","type":"page","link":"https:\/\/cliniquespectrum.com\/fr\/formulaire-de-demande-entrevue-developpementale-fev26\/","title":{"rendered":"Formulaire de demande \u2013 Entrevue d\u00e9veloppementale dans l\u2019\u00e9valuation diagnostique du trouble du spectre de l\u2019autisme"},"content":{"rendered":"\n<h3 class=\"wp-block-heading\">Atelier de formation en ligne de 4 heures, en fran\u00e7ais, <strong>: Lundi 23 f\u00e9vrier 2026, de 9h \u00e0 13h<\/strong> (heure normale de l\u2019Est, UTC-5)<\/h3>\n\n\n\n<p>Formatrice : <a href=\"https:\/\/cliniquespectrum.com\/fr\/equipe\/#Simon\">Dre Rebecca Simon<\/a><br><a href=\"https:\/\/cliniquespectrum.com\/fr\/l-entrevue-developpementale\/\">Cliquer ici pour plus d<\/a><a href=\"https:\/\/cliniquespectrum.com\/fr\/l-entrevue-developpementale-fev26\/\">e<\/a><a href=\"https:\/\/cliniquespectrum.com\/fr\/l-entrevue-developpementale\/\"> d\u00e9tails<\/a><\/p>\n\n\n\n<hr class=\"wp-block-separator has-css-opacity\"\/>\n\n\n\n<div style=\"height:30px\" aria-hidden=\"true\" class=\"wp-block-spacer\"><\/div>\n\n\n\n<div class=\"seals-form\" style=\"text-align:center\"><img decoding=\"async\" src=\"https:\/\/cliniquespectrum.com\/wp-content\/uploads\/2022\/03\/OPQ-rectangle.jpg\" alt=\"4 hours of continuing education recognized by the Ordre des psychologues du Qu\u00e9bec\" style=\"margin-top:16.5px;\"><img loading=\"lazy\" decoding=\"async\" src=\"https:\/\/cliniquespectrum.com\/wp-content\/uploads\/2025\/03\/seal-4-heures-OPQ.jpg\" alt=\"4 hours of continuing education recognized by the Ordre des psychologues du Qu\u00e9bec\" width=\"120\" height=\"120\"> <span class=\"break\"><\/span><\/div>\n\n<div class=\"clear\"><\/div>\n\n\n\n<div style=\"height:15px\" aria-hidden=\"true\" class=\"wp-block-spacer\"><\/div>\n\n\n\n<p>Cette activit\u00e9 est reconnue pour 4 heures de formation continue en psychoth\u00e9rapie par l\u2019Ordre des psychologues du Qu\u00e9bec.<\/p>\n\n\n\n<div style=\"height:30px\" aria-hidden=\"true\" class=\"wp-block-spacer\"><\/div>\n\n\n\n<hr class=\"wp-block-separator has-css-opacity\"\/>\n\n\n\n<h2 class=\"wp-block-heading\">Inscrivez-vous \u00e0 la formation en utilisant le formulaire ci-dessous. Vous recevrez par la suite un courriel d\u00e9taill\u00e9 concernant la suite  des proc\u00e9dures et du paiement.<\/h2>\n\n\n\n<div style=\"height:15px\" aria-hidden=\"true\" class=\"wp-block-spacer\"><\/div>\n\n\n\n<div class=\"wpcf7 no-js\" id=\"wpcf7-f12082-o1\" lang=\"fr-FR\" dir=\"ltr\" data-wpcf7-id=\"12082\">\n<div class=\"screen-reader-response\"><p role=\"status\" aria-live=\"polite\" aria-atomic=\"true\"><\/p> <ul><\/ul><\/div>\n<form action=\"\/fr\/wp-json\/wp\/v2\/pages\/12075#wpcf7-f12082-o1\" method=\"post\" class=\"wpcf7-form init\" aria-label=\"Formulaire de contact\" novalidate=\"novalidate\" data-status=\"init\">\n<fieldset class=\"hidden-fields-container\"><input type=\"hidden\" name=\"_wpcf7\" value=\"12082\" \/><input type=\"hidden\" name=\"_wpcf7_version\" value=\"6.1.5\" \/><input type=\"hidden\" name=\"_wpcf7_locale\" value=\"fr_FR\" \/><input type=\"hidden\" name=\"_wpcf7_unit_tag\" value=\"wpcf7-f12082-o1\" \/><input type=\"hidden\" name=\"_wpcf7_container_post\" value=\"0\" \/><input type=\"hidden\" name=\"_wpcf7_posted_data_hash\" value=\"\" \/>\n<\/fieldset>\n<div class=\"et_pb_contact training\">\n\t<p class=\"et_pb_contact_field_last\"><br \/>\n<label>Nom complet (requis) :<\/label><br \/>\n<span class=\"wpcf7-form-control-wrap\" data-name=\"full-name\"><input size=\"40\" maxlength=\"400\" class=\"wpcf7-form-control wpcf7-text wpcf7-validates-as-required\" aria-required=\"true\" aria-invalid=\"false\" value=\"\" type=\"text\" name=\"full-name\" \/><\/span>\n\t<\/p>\n\t<p class=\"et_pb_contact_field_half\"><br \/>\n<label>Courriel (requis) :<\/label><br \/>\n<span class=\"wpcf7-form-control-wrap\" data-name=\"email\"><input size=\"40\" maxlength=\"400\" class=\"wpcf7-form-control wpcf7-email wpcf7-validates-as-required wpcf7-text wpcf7-validates-as-email\" aria-required=\"true\" aria-invalid=\"false\" value=\"\" type=\"email\" name=\"email\" \/><\/span>\n\t<\/p>\n\t<p class=\"et_pb_contact_field_half second\"><br \/>\n<label>Num\u00e9ro de t\u00e9l\u00e9phone de jour :<\/label><br \/>\n<span class=\"wpcf7-form-control-wrap\" data-name=\"phone\"><input size=\"40\" maxlength=\"400\" class=\"wpcf7-form-control wpcf7-tel wpcf7-text wpcf7-validates-as-tel\" aria-invalid=\"false\" value=\"\" type=\"tel\" name=\"phone\" \/><\/span>\n\t<\/p>\n\t<p class=\"et_pb_contact_field_last\"><br \/>\n<label>Adresse postale :<\/label><br \/>\n<span class=\"wpcf7-form-control-wrap\" data-name=\"address\"><textarea cols=\"40\" rows=\"10\" maxlength=\"2000\" class=\"wpcf7-form-control wpcf7-textarea\" aria-invalid=\"false\" name=\"address\"><\/textarea><\/span>\n\t<\/p>\n<hr \/>\n\t<p class=\"et_pb_contact_field_last\"><br \/>\n<label>Titre professionnel et lieu de travail (pour les professionnels\/les) :<\/label><br \/>\n<span class=\"wpcf7-form-control-wrap\" data-name=\"title-work\"><input size=\"40\" maxlength=\"400\" class=\"wpcf7-form-control wpcf7-text\" aria-invalid=\"false\" value=\"\" type=\"text\" name=\"title-work\" \/><\/span>\n\t<\/p>\n\t<p class=\"et_pb_contact_field_last\"><br \/>\n<label>D\u00e9crivez bri\u00e8vement votre formation et\/ou exp\u00e9rience de travail avec les personnes atteintes de troubles du spectre de l\u2019autisme :<\/label><br \/>\n<span class=\"wpcf7-form-control-wrap\" data-name=\"experience\"><textarea cols=\"40\" rows=\"10\" maxlength=\"2000\" class=\"wpcf7-form-control wpcf7-textarea\" aria-invalid=\"false\" name=\"experience\"><\/textarea><\/span>\n\t<\/p>\n\t<p class=\"et_pb_contact_field_last\"><br \/>\n<label>Comment avez-vous entendu parler de nous ?<\/label><br \/>\n<span class=\"wpcf7-form-control-wrap\" data-name=\"entendu\"><span class=\"wpcf7-form-control wpcf7-radio\"><span class=\"wpcf7-list-item first\"><input type=\"radio\" name=\"entendu\" value=\"Notre site web\" checked=\"checked\" \/><span class=\"wpcf7-list-item-label\">Notre site web<\/span><\/span><span class=\"wpcf7-list-item\"><input type=\"radio\" name=\"entendu\" value=\"Coll\u00e8gues\/Amis\" \/><span class=\"wpcf7-list-item-label\">Coll\u00e8gues\/Amis<\/span><\/span><span class=\"wpcf7-list-item\"><input type=\"radio\" name=\"entendu\" value=\"\u00c9cole\" \/><span class=\"wpcf7-list-item-label\">\u00c9cole<\/span><\/span><span class=\"wpcf7-list-item last\"><input type=\"radio\" name=\"entendu\" value=\"Autre\" \/><span class=\"wpcf7-list-item-label\">Autre<\/span><\/span><\/span><\/span><br \/>\n<label>S'il s'agit d'un \u00e9cole ou autre, veuillez pr\u00e9ciser<\/label><br \/>\n<span class=\"wpcf7-form-control-wrap\" data-name=\"other\"><input size=\"40\" maxlength=\"400\" class=\"wpcf7-form-control wpcf7-text\" aria-invalid=\"false\" value=\"\" type=\"text\" name=\"other\" \/><\/span>\n\t<\/p>\n<\/div>\n<p><input class=\"wpcf7-form-control wpcf7-submit has-spinner\" type=\"submit\" value=\"Soumettre\" \/>\n<\/p><p style=\"display: none !important;\" class=\"akismet-fields-container\" data-prefix=\"_wpcf7_ak_\"><label>&#916;<textarea name=\"_wpcf7_ak_hp_textarea\" cols=\"45\" rows=\"8\" maxlength=\"100\"><\/textarea><\/label><input type=\"hidden\" id=\"ak_js_1\" name=\"_wpcf7_ak_js\" value=\"56\"\/><script>document.getElementById( \"ak_js_1\" ).setAttribute( \"value\", ( new Date() ).getTime() );<\/script><\/p><div class=\"wpcf7-response-output\" aria-hidden=\"true\"><\/div>\n<\/form>\n<\/div>\n\n","protected":false},"excerpt":{"rendered":"<p>Atelier de formation en ligne de 4 heures, en fran\u00e7ais, : Lundi 23 f\u00e9vrier 2026, de 9h \u00e0 13h (heure normale de l\u2019Est, UTC-5) Formatrice : Dre Rebecca SimonCliquer ici pour plus de d\u00e9tails Cette activit\u00e9 est reconnue pour 4 heures de formation continue en psychoth\u00e9rapie par l\u2019Ordre des psychologues du Qu\u00e9bec. Inscrivez-vous \u00e0 la [&hellip;]<\/p>\n","protected":false},"author":1,"featured_media":0,"parent":0,"menu_order":27,"comment_status":"closed","ping_status":"closed","template":"","meta":{"_et_pb_use_builder":"off","_et_pb_old_content":"<!-- wp:heading {\"level\":3} -->\n<h3 class=\"wp-block-heading\">Atelier de formation en ligne de 4 heures, en fran\u00e7ais, jeudi, 5 juin, 2025, de 9h \u00e0 13h<\/h3>\n<!-- \/wp:heading -->\n\n<!-- wp:paragraph -->\n<p>Formatrice : <a href=\"https:\/\/cliniquespectrum.com\/fr\/equipe\/#Simon\">Dre Rebecca Simon<\/a><br><a href=\"https:\/\/cliniquespectrum.com\/fr\/l-entrevue-developpementale\/\">Cliquer ici pour plus de d\u00e9tails<\/a> <\/p>\n<!-- \/wp:paragraph -->\n\n<!-- wp:separator {\"opacity\":\"css\"} -->\n<hr class=\"wp-block-separator has-css-opacity\"\/>\n<!-- \/wp:separator -->\n\n<!-- wp:spacer {\"height\":\"30px\"} -->\n<div style=\"height:30px\" aria-hidden=\"true\" class=\"wp-block-spacer\"><\/div>\n<!-- \/wp:spacer -->\n\n<!-- wp:html -->\n<div class=\"seals-form\" style=\"text-align:center\"><img src=\"https:\/\/cliniquespectrum.com\/wp-content\/uploads\/2022\/03\/OPQ-rectangle.jpg\" alt=\"4 hours of continuing education recognized by the Ordre des psychologues du Qu\u00e9bec\" style=\"margin-top:16.5px;\"><img src=\"https:\/\/cliniquespectrum.com\/wp-content\/uploads\/2022\/05\/seal-4-heures-OPQ-OPA.jpg\" alt=\"4 hours of continuing education recognized by the Ordre des psychologues du Qu\u00e9bec\" width=\"120\" height=\"120\"> <span class=\"break\"><\/span><\/div>\n\n<div class=\"clear\"><\/div>\n<!-- \/wp:html -->\n\n<!-- wp:spacer {\"height\":\"15px\"} -->\n<div style=\"height:15px\" aria-hidden=\"true\" class=\"wp-block-spacer\"><\/div>\n<!-- \/wp:spacer -->\n\n<!-- wp:paragraph -->\n<p>Cette activit\u00e9 est reconnue pour 4 heures de formation continue en psychoth\u00e9rapie par l\u2019Ordre des psychologues du Qu\u00e9bec.<\/p>\n<!-- \/wp:paragraph -->\n\n<!-- wp:spacer {\"height\":\"30px\"} -->\n<div style=\"height:30px\" aria-hidden=\"true\" class=\"wp-block-spacer\"><\/div>\n<!-- \/wp:spacer -->\n\n<!-- wp:separator {\"opacity\":\"css\"} -->\n<hr class=\"wp-block-separator has-css-opacity\"\/>\n<!-- \/wp:separator -->\n\n<!-- wp:heading -->\n<h2 class=\"wp-block-heading\">Inscrivez-vous \u00e0 la formation en utilisant le formulaire ci-dessous. Vous recevrez par la suite un courriel d\u00e9taill\u00e9 concernant la suite  des proc\u00e9dures et du paiement.<\/h2>\n<!-- \/wp:heading -->\n\n<!-- wp:spacer {\"height\":\"15px\"} -->\n<div style=\"height:15px\" aria-hidden=\"true\" class=\"wp-block-spacer\"><\/div>\n<!-- \/wp:spacer -->\n\n<!-- wp:shortcode -->\n[contact-form-7 id=\"dcf6a47\" title=\"Formation - L\u2019Entrevue d\u00e9veloppementale dans l\u2019\u00e9valuation diagnostique du trouble du spectre de l\u2019autisme - jun25\"]\n<!-- \/wp:shortcode -->","_et_gb_content_width":"","footnotes":""},"class_list":["post-12075","page","type-page","status-publish","hentry"],"yoast_head":"<!-- This site is optimized with the Yoast SEO plugin v27.3 - https:\/\/yoast.com\/product\/yoast-seo-wordpress\/ -->\n<title>Formulaire de demande \u2013 Entrevue d\u00e9veloppementale dans l\u2019\u00e9valuation diagnostique du trouble du spectre de l\u2019autisme - Clinique Spectrum<\/title>\n<meta name=\"robots\" content=\"index, follow, max-snippet:-1, max-image-preview:large, max-video-preview:-1\" \/>\n<link rel=\"canonical\" href=\"https:\/\/cliniquespectrum.com\/fr\/formulaire-de-demande-entrevue-developpementale-fev26\/\" \/>\n<meta property=\"og:locale\" content=\"fr_FR\" \/>\n<meta property=\"og:type\" content=\"article\" \/>\n<meta property=\"og:title\" content=\"Formulaire de demande \u2013 Entrevue d\u00e9veloppementale dans l\u2019\u00e9valuation diagnostique du trouble du spectre de l\u2019autisme - Clinique Spectrum\" \/>\n<meta property=\"og:description\" content=\"Atelier de formation en ligne de 4 heures, en fran\u00e7ais, : Lundi 23 f\u00e9vrier 2026, de 9h \u00e0 13h (heure normale de l\u2019Est, UTC-5) Formatrice : Dre Rebecca SimonCliquer ici pour plus de d\u00e9tails Cette activit\u00e9 est reconnue pour 4 heures de formation continue en psychoth\u00e9rapie par l\u2019Ordre des psychologues du Qu\u00e9bec. Inscrivez-vous \u00e0 la [&hellip;]\" \/>\n<meta property=\"og:url\" content=\"https:\/\/cliniquespectrum.com\/fr\/formulaire-de-demande-entrevue-developpementale-fev26\/\" \/>\n<meta property=\"og:site_name\" content=\"Clinique Spectrum\" \/>\n<meta property=\"article:publisher\" content=\"https:\/\/www.facebook.com\/CliniqueSpectrum\/\" \/>\n<meta property=\"article:modified_time\" content=\"2025-10-09T17:32:03+00:00\" \/>\n<meta property=\"og:image\" content=\"https:\/\/cliniquespectrum.com\/wp-content\/uploads\/2022\/03\/OPQ-rectangle.jpg\" \/>\n<meta name=\"twitter:card\" content=\"summary_large_image\" \/>\n<meta name=\"twitter:label1\" content=\"Dur\u00e9e de lecture estim\u00e9e\" \/>\n\t<meta name=\"twitter:data1\" content=\"1 minute\" \/>\n<script type=\"application\/ld+json\" class=\"yoast-schema-graph\">{\"@context\":\"https:\\\/\\\/schema.org\",\"@graph\":[{\"@type\":\"WebPage\",\"@id\":\"https:\\\/\\\/cliniquespectrum.com\\\/fr\\\/formulaire-de-demande-entrevue-developpementale-fev26\\\/\",\"url\":\"https:\\\/\\\/cliniquespectrum.com\\\/fr\\\/formulaire-de-demande-entrevue-developpementale-fev26\\\/\",\"name\":\"Formulaire de demande \u2013 Entrevue d\u00e9veloppementale dans l\u2019\u00e9valuation diagnostique du trouble du spectre de l\u2019autisme - Clinique Spectrum\",\"isPartOf\":{\"@id\":\"https:\\\/\\\/cliniquespectrum.com\\\/#website\"},\"primaryImageOfPage\":{\"@id\":\"https:\\\/\\\/cliniquespectrum.com\\\/fr\\\/formulaire-de-demande-entrevue-developpementale-fev26\\\/#primaryimage\"},\"image\":{\"@id\":\"https:\\\/\\\/cliniquespectrum.com\\\/fr\\\/formulaire-de-demande-entrevue-developpementale-fev26\\\/#primaryimage\"},\"thumbnailUrl\":\"https:\\\/\\\/cliniquespectrum.com\\\/wp-content\\\/uploads\\\/2022\\\/03\\\/OPQ-rectangle.jpg\",\"datePublished\":\"2025-10-09T16:32:37+00:00\",\"dateModified\":\"2025-10-09T17:32:03+00:00\",\"breadcrumb\":{\"@id\":\"https:\\\/\\\/cliniquespectrum.com\\\/fr\\\/formulaire-de-demande-entrevue-developpementale-fev26\\\/#breadcrumb\"},\"inLanguage\":\"fr-FR\",\"potentialAction\":[{\"@type\":\"ReadAction\",\"target\":[\"https:\\\/\\\/cliniquespectrum.com\\\/fr\\\/formulaire-de-demande-entrevue-developpementale-fev26\\\/\"]}]},{\"@type\":\"ImageObject\",\"inLanguage\":\"fr-FR\",\"@id\":\"https:\\\/\\\/cliniquespectrum.com\\\/fr\\\/formulaire-de-demande-entrevue-developpementale-fev26\\\/#primaryimage\",\"url\":\"https:\\\/\\\/cliniquespectrum.com\\\/wp-content\\\/uploads\\\/2022\\\/03\\\/OPQ-rectangle.jpg\",\"contentUrl\":\"https:\\\/\\\/cliniquespectrum.com\\\/wp-content\\\/uploads\\\/2022\\\/03\\\/OPQ-rectangle.jpg\"},{\"@type\":\"BreadcrumbList\",\"@id\":\"https:\\\/\\\/cliniquespectrum.com\\\/fr\\\/formulaire-de-demande-entrevue-developpementale-fev26\\\/#breadcrumb\",\"itemListElement\":[{\"@type\":\"ListItem\",\"position\":1,\"name\":\"Home\",\"item\":\"https:\\\/\\\/cliniquespectrum.com\\\/fr\\\/\"},{\"@type\":\"ListItem\",\"position\":2,\"name\":\"Formulaire de demande \u2013 Entrevue d\u00e9veloppementale dans l\u2019\u00e9valuation diagnostique du trouble du spectre de l\u2019autisme\"}]},{\"@type\":\"WebSite\",\"@id\":\"https:\\\/\\\/cliniquespectrum.com\\\/#website\",\"url\":\"https:\\\/\\\/cliniquespectrum.com\\\/\",\"name\":\"Clinique Spectrum\",\"description\":\"dev site\",\"publisher\":{\"@id\":\"https:\\\/\\\/cliniquespectrum.com\\\/#organization\"},\"potentialAction\":[{\"@type\":\"SearchAction\",\"target\":{\"@type\":\"EntryPoint\",\"urlTemplate\":\"https:\\\/\\\/cliniquespectrum.com\\\/?s={search_term_string}\"},\"query-input\":{\"@type\":\"PropertyValueSpecification\",\"valueRequired\":true,\"valueName\":\"search_term_string\"}}],\"inLanguage\":\"fr-FR\"},{\"@type\":\"Organization\",\"@id\":\"https:\\\/\\\/cliniquespectrum.com\\\/#organization\",\"name\":\"Clinique Spectrum\",\"url\":\"https:\\\/\\\/cliniquespectrum.com\\\/\",\"logo\":{\"@type\":\"ImageObject\",\"inLanguage\":\"fr-FR\",\"@id\":\"https:\\\/\\\/cliniquespectrum.com\\\/#\\\/schema\\\/logo\\\/image\\\/\",\"url\":\"https:\\\/\\\/i2.wp.com\\\/cliniquespectrum.com\\\/wp-content\\\/uploads\\\/2018\\\/12\\\/clinique-spectrum-logo-1.jpg?fit=412%2C93&ssl=1\",\"contentUrl\":\"https:\\\/\\\/i2.wp.com\\\/cliniquespectrum.com\\\/wp-content\\\/uploads\\\/2018\\\/12\\\/clinique-spectrum-logo-1.jpg?fit=412%2C93&ssl=1\",\"width\":412,\"height\":93,\"caption\":\"Clinique Spectrum\"},\"image\":{\"@id\":\"https:\\\/\\\/cliniquespectrum.com\\\/#\\\/schema\\\/logo\\\/image\\\/\"},\"sameAs\":[\"https:\\\/\\\/www.facebook.com\\\/CliniqueSpectrum\\\/\"]}]}<\/script>\n<!-- \/ Yoast SEO plugin. -->","yoast_head_json":{"title":"Formulaire de demande \u2013 Entrevue d\u00e9veloppementale dans l\u2019\u00e9valuation diagnostique du trouble du spectre de l\u2019autisme - Clinique Spectrum","robots":{"index":"index","follow":"follow","max-snippet":"max-snippet:-1","max-image-preview":"max-image-preview:large","max-video-preview":"max-video-preview:-1"},"canonical":"https:\/\/cliniquespectrum.com\/fr\/formulaire-de-demande-entrevue-developpementale-fev26\/","og_locale":"fr_FR","og_type":"article","og_title":"Formulaire de demande \u2013 Entrevue d\u00e9veloppementale dans l\u2019\u00e9valuation diagnostique du trouble du spectre de l\u2019autisme - Clinique Spectrum","og_description":"Atelier de formation en ligne de 4 heures, en fran\u00e7ais, : Lundi 23 f\u00e9vrier 2026, de 9h \u00e0 13h (heure normale de l\u2019Est, UTC-5) Formatrice : Dre Rebecca SimonCliquer ici pour plus de d\u00e9tails Cette activit\u00e9 est reconnue pour 4 heures de formation continue en psychoth\u00e9rapie par l\u2019Ordre des psychologues du Qu\u00e9bec. Inscrivez-vous \u00e0 la [&hellip;]","og_url":"https:\/\/cliniquespectrum.com\/fr\/formulaire-de-demande-entrevue-developpementale-fev26\/","og_site_name":"Clinique Spectrum","article_publisher":"https:\/\/www.facebook.com\/CliniqueSpectrum\/","article_modified_time":"2025-10-09T17:32:03+00:00","og_image":[{"url":"https:\/\/cliniquespectrum.com\/wp-content\/uploads\/2022\/03\/OPQ-rectangle.jpg","type":"","width":"","height":""}],"twitter_card":"summary_large_image","twitter_misc":{"Dur\u00e9e de lecture estim\u00e9e":"1 minute"},"schema":{"@context":"https:\/\/schema.org","@graph":[{"@type":"WebPage","@id":"https:\/\/cliniquespectrum.com\/fr\/formulaire-de-demande-entrevue-developpementale-fev26\/","url":"https:\/\/cliniquespectrum.com\/fr\/formulaire-de-demande-entrevue-developpementale-fev26\/","name":"Formulaire de demande \u2013 Entrevue d\u00e9veloppementale dans l\u2019\u00e9valuation diagnostique du trouble du spectre de l\u2019autisme - Clinique Spectrum","isPartOf":{"@id":"https:\/\/cliniquespectrum.com\/#website"},"primaryImageOfPage":{"@id":"https:\/\/cliniquespectrum.com\/fr\/formulaire-de-demande-entrevue-developpementale-fev26\/#primaryimage"},"image":{"@id":"https:\/\/cliniquespectrum.com\/fr\/formulaire-de-demande-entrevue-developpementale-fev26\/#primaryimage"},"thumbnailUrl":"https:\/\/cliniquespectrum.com\/wp-content\/uploads\/2022\/03\/OPQ-rectangle.jpg","datePublished":"2025-10-09T16:32:37+00:00","dateModified":"2025-10-09T17:32:03+00:00","breadcrumb":{"@id":"https:\/\/cliniquespectrum.com\/fr\/formulaire-de-demande-entrevue-developpementale-fev26\/#breadcrumb"},"inLanguage":"fr-FR","potentialAction":[{"@type":"ReadAction","target":["https:\/\/cliniquespectrum.com\/fr\/formulaire-de-demande-entrevue-developpementale-fev26\/"]}]},{"@type":"ImageObject","inLanguage":"fr-FR","@id":"https:\/\/cliniquespectrum.com\/fr\/formulaire-de-demande-entrevue-developpementale-fev26\/#primaryimage","url":"https:\/\/cliniquespectrum.com\/wp-content\/uploads\/2022\/03\/OPQ-rectangle.jpg","contentUrl":"https:\/\/cliniquespectrum.com\/wp-content\/uploads\/2022\/03\/OPQ-rectangle.jpg"},{"@type":"BreadcrumbList","@id":"https:\/\/cliniquespectrum.com\/fr\/formulaire-de-demande-entrevue-developpementale-fev26\/#breadcrumb","itemListElement":[{"@type":"ListItem","position":1,"name":"Home","item":"https:\/\/cliniquespectrum.com\/fr\/"},{"@type":"ListItem","position":2,"name":"Formulaire de demande \u2013 Entrevue d\u00e9veloppementale dans l\u2019\u00e9valuation diagnostique du trouble du spectre de l\u2019autisme"}]},{"@type":"WebSite","@id":"https:\/\/cliniquespectrum.com\/#website","url":"https:\/\/cliniquespectrum.com\/","name":"Clinique Spectrum","description":"dev site","publisher":{"@id":"https:\/\/cliniquespectrum.com\/#organization"},"potentialAction":[{"@type":"SearchAction","target":{"@type":"EntryPoint","urlTemplate":"https:\/\/cliniquespectrum.com\/?s={search_term_string}"},"query-input":{"@type":"PropertyValueSpecification","valueRequired":true,"valueName":"search_term_string"}}],"inLanguage":"fr-FR"},{"@type":"Organization","@id":"https:\/\/cliniquespectrum.com\/#organization","name":"Clinique Spectrum","url":"https:\/\/cliniquespectrum.com\/","logo":{"@type":"ImageObject","inLanguage":"fr-FR","@id":"https:\/\/cliniquespectrum.com\/#\/schema\/logo\/image\/","url":"https:\/\/i2.wp.com\/cliniquespectrum.com\/wp-content\/uploads\/2018\/12\/clinique-spectrum-logo-1.jpg?fit=412%2C93&ssl=1","contentUrl":"https:\/\/i2.wp.com\/cliniquespectrum.com\/wp-content\/uploads\/2018\/12\/clinique-spectrum-logo-1.jpg?fit=412%2C93&ssl=1","width":412,"height":93,"caption":"Clinique Spectrum"},"image":{"@id":"https:\/\/cliniquespectrum.com\/#\/schema\/logo\/image\/"},"sameAs":["https:\/\/www.facebook.com\/CliniqueSpectrum\/"]}]}},"_links":{"self":[{"href":"https:\/\/cliniquespectrum.com\/fr\/wp-json\/wp\/v2\/pages\/12075","targetHints":{"allow":["GET"]}}],"collection":[{"href":"https:\/\/cliniquespectrum.com\/fr\/wp-json\/wp\/v2\/pages"}],"about":[{"href":"https:\/\/cliniquespectrum.com\/fr\/wp-json\/wp\/v2\/types\/page"}],"author":[{"embeddable":true,"href":"https:\/\/cliniquespectrum.com\/fr\/wp-json\/wp\/v2\/users\/1"}],"replies":[{"embeddable":true,"href":"https:\/\/cliniquespectrum.com\/fr\/wp-json\/wp\/v2\/comments?post=12075"}],"version-history":[{"count":4,"href":"https:\/\/cliniquespectrum.com\/fr\/wp-json\/wp\/v2\/pages\/12075\/revisions"}],"predecessor-version":[{"id":12084,"href":"https:\/\/cliniquespectrum.com\/fr\/wp-json\/wp\/v2\/pages\/12075\/revisions\/12084"}],"wp:attachment":[{"href":"https:\/\/cliniquespectrum.com\/fr\/wp-json\/wp\/v2\/media?parent=12075"}],"curies":[{"name":"wp","href":"https:\/\/api.w.org\/{rel}","templated":true}]}}