{"id":1898,"date":"2018-12-08T13:17:24","date_gmt":"2018-12-08T18:17:24","guid":{"rendered":"https:\/\/cliniquespectrum.com\/trainings\/"},"modified":"2026-03-16T16:16:35","modified_gmt":"2026-03-16T20:16:35","slug":"formations","status":"publish","type":"page","link":"https:\/\/cliniquespectrum.com\/fr\/formations\/","title":{"rendered":"Formations \u00e0 venir"},"content":{"rendered":"<p>[et_pb_section fb_built=\u00a0\u00bb1&Prime; fullwidth=\u00a0\u00bbon\u00a0\u00bb _builder_version=\u00a0\u00bb4.16&Prime; global_colors_info=\u00a0\u00bb{}\u00a0\u00bb][et_pb_fullwidth_image src=\u00a0\u00bbhttps:\/\/cliniquespectrum.com\/wp-content\/uploads\/2018\/12\/training-banner-min-1.jpg\u00a0\u00bb _builder_version=\u00a0\u00bb4.16&Prime; global_colors_info=\u00a0\u00bb{}\u00a0\u00bb][\/et_pb_fullwidth_image][\/et_pb_section][et_pb_section fb_built=\u00a0\u00bb1&Prime; _builder_version=\u00a0\u00bb4.16&Prime; collapsed=\u00a0\u00bboff\u00a0\u00bb global_colors_info=\u00a0\u00bb{}\u00a0\u00bb][et_pb_row _builder_version=\u00a0\u00bb4.16&Prime; _module_preset=\u00a0\u00bbdefault\u00a0\u00bb global_colors_info=\u00a0\u00bb{}\u00a0\u00bb][et_pb_column type=\u00a0\u00bb4_4&Prime; _builder_version=\u00a0\u00bb4.16&Prime; _module_preset=\u00a0\u00bbdefault\u00a0\u00bb global_colors_info=\u00a0\u00bb{}\u00a0\u00bb][et_pb_text admin_label=\u00a0\u00bbUpcoming Trainings\u00a0\u00bb _builder_version=\u00a0\u00bb4.27.6&Prime; _module_preset=\u00a0\u00bbdefault\u00a0\u00bb hover_enabled=\u00a0\u00bb0&Prime; global_colors_info=\u00a0\u00bb{}\u00a0\u00bb sticky_enabled=\u00a0\u00bb0&Prime;]<\/p>\n<h1 style=\"text-align: center;\">Formations<\/h1>\n<p>[\/et_pb_text][\/et_pb_column][\/et_pb_row][et_pb_row column_structure=\u00a0\u00bb2_3,1_3&Prime; _builder_version=\u00a0\u00bb4.16&Prime; background_size=\u00a0\u00bbinitial\u00a0\u00bb background_position=\u00a0\u00bbtop_left\u00a0\u00bb background_repeat=\u00a0\u00bbrepeat\u00a0\u00bb global_colors_info=\u00a0\u00bb{}\u00a0\u00bb][et_pb_column type=\u00a0\u00bb2_3&Prime; _builder_version=\u00a0\u00bb4.16&Prime; custom_padding=\u00a0\u00bb|||\u00a0\u00bb global_colors_info=\u00a0\u00bb{}\u00a0\u00bb custom_padding__hover=\u00a0\u00bb|||\u00a0\u00bb][et_pb_text disabled_on=\u00a0\u00bbon|on|on\u00a0\u00bb admin_label=\u00a0\u00bb Intro to ASD Assessment and Diagnostic Differentiation\u00a0\u00bb _builder_version=\u00a0\u00bb4.27.4&Prime; background_size=\u00a0\u00bbinitial\u00a0\u00bb background_position=\u00a0\u00bbtop_left\u00a0\u00bb background_repeat=\u00a0\u00bbrepeat\u00a0\u00bb custom_margin=\u00a0\u00bb||0px||false|false\u00a0\u00bb disabled=\u00a0\u00bbon\u00a0\u00bb global_colors_info=\u00a0\u00bb{}\u00a0\u00bb]<\/p>\n<p><!-- divi:paragraph --><\/p>\n<h3><strong>Intro to ASD Assessment and Diagnostic Differentiation Online Clinical Training<\/strong><\/h3>\n<p>September 29-30, 2025 <br \/>Certified trainer: <a href=\"https:\/\/cliniquespectrum.com\/team\/#Reisinger\">Dr Lisa Reisinger<\/a><\/p>\n<p>[\/et_pb_text][et_pb_button button_url=\u00a0\u00bb\/fr\/?page_id=8155&Prime; button_text=\u00a0\u00bbFind out more\u00a0\u00bb button_alignment=\u00a0\u00bbleft\u00a0\u00bb disabled_on=\u00a0\u00bbon|on|on\u00a0\u00bb admin_label=\u00a0\u00bbFind out more\u00a0\u00bb _builder_version=\u00a0\u00bb4.27.4&Prime; custom_margin=\u00a0\u00bb15px||||false|false\u00a0\u00bb disabled=\u00a0\u00bbon\u00a0\u00bb global_colors_info=\u00a0\u00bb{}\u00a0\u00bb][\/et_pb_button][et_pb_text disabled_on=\u00a0\u00bbon|on|on\u00a0\u00bb admin_label=\u00a0\u00bbBehaviour Intervention Online Training\u00a0\u00bb _builder_version=\u00a0\u00bb4.27.4&Prime; background_size=\u00a0\u00bbinitial\u00a0\u00bb background_position=\u00a0\u00bbtop_left\u00a0\u00bb background_repeat=\u00a0\u00bbrepeat\u00a0\u00bb custom_margin=\u00a0\u00bb||0px||false|false\u00a0\u00bb disabled=\u00a0\u00bbon\u00a0\u00bb global_colors_info=\u00a0\u00bb{}\u00a0\u00bb]<\/p>\n<p><!-- divi:paragraph --><\/p>\n<h3><strong>Behaviour Intervention Training <span class=\"red\">LIVE online<\/span><\/strong><\/h3>\n<p>October 6 to November 10, 2025, Monday and Tuesday evenings, 6-9pm<br \/>Certified trainer: <a href=\"https:\/\/cliniquespectrum.com\/team\/#consultants-Melhem\">Brenda Melhem<\/a><br \/><!-- \/divi:paragraph --><\/p>\n<p>[\/et_pb_text][et_pb_button button_url=\u00a0\u00bbhttps:\/\/cliniquespectrum.com\/trainings\/behaviour-intervention-training\/\u00a0\u00bb button_text=\u00a0\u00bbFind out more\u00a0\u00bb button_alignment=\u00a0\u00bbleft\u00a0\u00bb disabled_on=\u00a0\u00bbon|on|on\u00a0\u00bb admin_label=\u00a0\u00bbFind out more\u00a0\u00bb _builder_version=\u00a0\u00bb4.27.4&Prime; custom_margin=\u00a0\u00bb15px||||false|false\u00a0\u00bb disabled=\u00a0\u00bbon\u00a0\u00bb global_colors_info=\u00a0\u00bb{}\u00a0\u00bb][\/et_pb_button][et_pb_text disabled_on=\u00a0\u00bbon|on|on\u00a0\u00bb admin_label=\u00a0\u00bbADI-R\u00a0\u00bb _builder_version=\u00a0\u00bb4.27.4&Prime; background_size=\u00a0\u00bbinitial\u00a0\u00bb background_position=\u00a0\u00bbtop_left\u00a0\u00bb background_repeat=\u00a0\u00bbrepeat\u00a0\u00bb custom_margin=\u00a0\u00bb||0px||false|false\u00a0\u00bb disabled=\u00a0\u00bbon\u00a0\u00bb global_colors_info=\u00a0\u00bb{}\u00a0\u00bb]<\/p>\n<p><!-- divi:paragraph --><\/p>\n<h3><strong>ADI-R Online Clinical Training<\/strong><\/h3>\n<p>November 3-4-5, 2025<br \/>Certified trainer: <a href=\"https:\/\/cliniquespectrum.com\/team\/#Reisinger\">Dr Lisa Reisinger<\/a><\/p>\n<p><img decoding=\"async\" src=\"https:\/\/cliniquespectrum.com\/wp-content\/uploads\/2022\/03\/OPQ-rectangle.jpg\" class=\"alignright\" style=\"margin-top: 16.5px;\" \/> <img decoding=\"async\" src=\"https:\/\/cliniquespectrum.com\/wp-content\/uploads\/2022\/03\/OPA-Accreditation-logo.jpg\" class=\"alignright\" style=\"width: 100px; height: 100px;\" \/> <img decoding=\"async\" src=\"https:\/\/cliniquespectrum.com\/wp-content\/uploads\/2023\/10\/seal-12-19-hours-OPQ-OPA.jpg\" class=\"alignright\" style=\"width: 100px; height: 100px;\" \/> 12 (option 1: 2.5 days) or 19 hours (option 2: 3 days) of continuing education recognized by the Ordre des psychologues du Qu\u00e9bec and by the Ontario Psychological Association<br \/><!-- \/divi:paragraph --><\/p>\n<p>[\/et_pb_text][et_pb_button button_url=\u00a0\u00bbhttps:\/\/cliniquespectrum.com\/trainings\/adi-r\/\u00a0\u00bb button_text=\u00a0\u00bbFind out more\u00a0\u00bb button_alignment=\u00a0\u00bbleft\u00a0\u00bb disabled_on=\u00a0\u00bbon|on|on\u00a0\u00bb admin_label=\u00a0\u00bbFind out more\u00a0\u00bb _builder_version=\u00a0\u00bb4.27.4&Prime; custom_margin=\u00a0\u00bb15px||||false|false\u00a0\u00bb disabled=\u00a0\u00bbon\u00a0\u00bb global_colors_info=\u00a0\u00bb{}\u00a0\u00bb][\/et_pb_button][et_pb_text disabled_on=\u00a0\u00bbon|on|on\u00a0\u00bb admin_label=\u00a0\u00bbADOS-2&Prime; _builder_version=\u00a0\u00bb4.27.4&Prime; background_size=\u00a0\u00bbinitial\u00a0\u00bb background_position=\u00a0\u00bbtop_left\u00a0\u00bb background_repeat=\u00a0\u00bbrepeat\u00a0\u00bb custom_margin=\u00a0\u00bb||0px||false|false\u00a0\u00bb disabled=\u00a0\u00bbon\u00a0\u00bb global_colors_info=\u00a0\u00bb{}\u00a0\u00bb]<\/p>\n<p><!-- divi:paragraph --><\/p>\n<h3><strong>ADOS-2 Online Clinical Training<\/strong><\/h3>\n<p>November 10-11-12, 2025<br \/>Certified trainer: <a href=\"https:\/\/cliniquespectrum.com\/team\/#Reisinger\">Dr Lisa Reisinger<\/a><\/p>\n<p><img decoding=\"async\" src=\"https:\/\/cliniquespectrum.com\/wp-content\/uploads\/2022\/03\/OPQ-rectangle.jpg\" class=\"alignright\" style=\"margin-top: 16.5px;\" \/> <img decoding=\"async\" src=\"https:\/\/cliniquespectrum.com\/wp-content\/uploads\/2022\/03\/OPA-Accreditation-logo.jpg\" class=\"alignright\" style=\"width: 100px; height: 100px;\" \/> <img decoding=\"async\" src=\"https:\/\/cliniquespectrum.com\/wp-content\/uploads\/2022\/03\/seal-18-hours-OPQ-OPA.jpg\" class=\"alignright\" style=\"width: 100px; height: 100px;\" \/> 18 hours of continuing education recognized by the Ordre des psychologues du Qu\u00e9bec and by the Ontario Psychological Association<br \/><!-- \/divi:paragraph --><\/p>\n<p>[\/et_pb_text][et_pb_button button_url=\u00a0\u00bbhttps:\/\/cliniquespectrum.com\/trainings\/ados-2-nov25\/\u00a0\u00bb button_text=\u00a0\u00bbFind out more\u00a0\u00bb button_alignment=\u00a0\u00bbleft\u00a0\u00bb disabled_on=\u00a0\u00bbon|on|on\u00a0\u00bb admin_label=\u00a0\u00bbFind out more\u00a0\u00bb _builder_version=\u00a0\u00bb4.27.4&Prime; custom_margin=\u00a0\u00bb15px||||false|false\u00a0\u00bb disabled=\u00a0\u00bbon\u00a0\u00bb global_colors_info=\u00a0\u00bb{}\u00a0\u00bb][\/et_pb_button][et_pb_text disabled_on=\u00a0\u00bbon|on|on\u00a0\u00bb admin_label=\u00a0\u00bbADOS-2 Formation Clinique interactive en ligne\u00a0\u00bb _builder_version=\u00a0\u00bb4.27.4&Prime; background_size=\u00a0\u00bbinitial\u00a0\u00bb background_position=\u00a0\u00bbtop_left\u00a0\u00bb background_repeat=\u00a0\u00bbrepeat\u00a0\u00bb custom_margin=\u00a0\u00bb||0px||false|false\u00a0\u00bb disabled=\u00a0\u00bbon\u00a0\u00bb global_colors_info=\u00a0\u00bb{}\u00a0\u00bb]<!-- divi:paragraph --><\/p>\n<h3><b>ADOS-2 Formation Clinique <span class=\"red\">en ligne<\/span><\/b><\/h3>\n<p>17-18-19 novembre, 2025, de 9h \u00e0 17h00  <span class=\"red\">Formation compl\u00e8te ! Prochaines dates en f\u00e9vrier 2026 ! <\/span><br \/>\nVotre formatrice : <a href=\"https:\/\/cliniquespectrum.com\/fr\/equipe\/#Simon\">Dre Rebecca Simon<\/a><\/p>\n<p><img decoding=\"async\" src=\"https:\/\/cliniquespectrum.com\/wp-content\/uploads\/2022\/03\/OPQ-rectangle.jpg\" class=\"alignright\" style=\"margin-top: 16.5px;\" \/> <img decoding=\"async\" src=\"https:\/\/cliniquespectrum.com\/wp-content\/uploads\/2025\/02\/18h-par-OPQ-FR-120.png\" class=\"alignright\" style=\"width: 100px; height: 100px;\" \/> <span class=\"break\">18 heures de formation continue reconnues par l\u2019Ordre des psychologues du Qu\u00e9bec<\/span><br \/>\n<!-- \/divi:paragraph -->[\/et_pb_text][et_pb_button button_url=\u00a0\u00bb\/fr\/ados-2-formation-clinique-en-ligne\/\u00a0\u00bb button_text=\u00a0\u00bbVoir plus\u00a0\u00bb button_alignment=\u00a0\u00bbleft\u00a0\u00bb disabled_on=\u00a0\u00bbon|on|on\u00a0\u00bb admin_label=\u00a0\u00bbVoir plus\u00a0\u00bb _builder_version=\u00a0\u00bb4.27.4&Prime; custom_margin=\u00a0\u00bb15px||||false|false\u00a0\u00bb disabled=\u00a0\u00bbon\u00a0\u00bb global_colors_info=\u00a0\u00bb{}\u00a0\u00bb][\/et_pb_button][et_pb_text disabled_on=\u00a0\u00bbon|on|on\u00a0\u00bb admin_label=\u00a0\u00bbL\u2019entrevue d\u00e9veloppementale\u00a0\u00bb _builder_version=\u00a0\u00bb4.27.4&Prime; background_size=\u00a0\u00bbinitial\u00a0\u00bb background_position=\u00a0\u00bbtop_left\u00a0\u00bb background_repeat=\u00a0\u00bbrepeat\u00a0\u00bb custom_margin=\u00a0\u00bb||0px||false|false\u00a0\u00bb disabled=\u00a0\u00bbon\u00a0\u00bb global_colors_info=\u00a0\u00bb{}\u00a0\u00bb]<\/p>\n<p><!-- divi:paragraph --><\/p>\n<h3><b>L\u2019entrevue d\u00e9veloppementale dans l\u2019\u00e9valuation diagnostique du trouble du spectre de l\u2019autisme <span class=\"red\">en ligne<\/span><\/b><\/h3>\n<p>Lundi, 24 novembre, 2025, de 9h \u00e0 13h<br \/>Votre formatrice : <a href=\"https:\/\/cliniquespectrum.com\/fr\/equipe\/#Simon\">Dre Rebecca Simon<\/a><\/p>\n<p><img decoding=\"async\" src=\"https:\/\/cliniquespectrum.com\/wp-content\/uploads\/2022\/03\/OPQ-rectangle.jpg\" class=\"alignright\" style=\"margin-top: 16.5px;\" \/> <img decoding=\"async\" src=\"https:\/\/cliniquespectrum.com\/wp-content\/uploads\/2025\/03\/seal-4-heures-OPQ.jpg\" class=\"alignright\" style=\"width: 100px; height: 100px;\" \/> <span class=\"break\">4 heures de formation continue reconnues par l\u2019Ordre des psychologues du Qu\u00e9bec<\/span><br \/><!-- \/divi:paragraph --><\/p>\n<p>[\/et_pb_text][et_pb_button button_url=\u00a0\u00bb\/fr\/l-entrevue-developpementale\u00a0\u00bb button_text=\u00a0\u00bbVoir plus\u00a0\u00bb button_alignment=\u00a0\u00bbleft\u00a0\u00bb disabled_on=\u00a0\u00bbon|on|on\u00a0\u00bb admin_label=\u00a0\u00bbVoir plus\u00a0\u00bb _builder_version=\u00a0\u00bb4.27.4&Prime; custom_margin=\u00a0\u00bb15px||||false|false\u00a0\u00bb disabled=\u00a0\u00bbon\u00a0\u00bb global_colors_info=\u00a0\u00bb{}\u00a0\u00bb][\/et_pb_button][et_pb_text disabled_on=\u00a0\u00bbon|on|on\u00a0\u00bb admin_label=\u00a0\u00bbADOS-2 Formation Clinique interactive en ligne\u00a0\u00bb _builder_version=\u00a0\u00bb4.27.5&Prime; header_line_height=\u00a0\u00bb1.4em\u00a0\u00bb header_2_line_height=\u00a0\u00bb1.4em\u00a0\u00bb header_3_line_height=\u00a0\u00bb1.2em\u00a0\u00bb background_size=\u00a0\u00bbinitial\u00a0\u00bb background_position=\u00a0\u00bbtop_left\u00a0\u00bb background_repeat=\u00a0\u00bbrepeat\u00a0\u00bb custom_margin=\u00a0\u00bb||0px||false|false\u00a0\u00bb disabled=\u00a0\u00bbon\u00a0\u00bb global_colors_info=\u00a0\u00bb{}\u00a0\u00bb]<!-- divi:paragraph --><\/p>\n<h3><b>ADOS-2 Formation Clinique <span class=\"red\">en ligne<\/span><\/b><\/h3>\n<p><span class=\"red\">Formation compl\u00e8te! Si vous souhaitez \u00eatre ajout\u00e9\u00b7e \u00e0 la liste d\u2019attente, <a href=\"https:\/\/cliniquespectrum.com\/contact\/\">\u00e9crivez-nous!<\/a><\/span><br \/>\n16, 17 et 18 f\u00e9vrier, 2026, de 9h \u00e0 17h00<br \/>\nVotre formatrice : <a href=\"https:\/\/cliniquespectrum.com\/fr\/equipe\/#Simon\">Dre Rebecca Simon<\/a><\/p>\n<p><img decoding=\"async\" src=\"https:\/\/cliniquespectrum.com\/wp-content\/uploads\/2022\/03\/OPQ-rectangle.jpg\" class=\"alignright\" style=\"margin-top: 16.5px;\" \/> <img decoding=\"async\" src=\"https:\/\/cliniquespectrum.com\/wp-content\/uploads\/2025\/02\/18h-par-OPQ-FR-120.png\" class=\"alignright\" style=\"width: 100px; height: 100px;\" \/> <span class=\"break\">18 heures de formation continue reconnues par l\u2019Ordre des psychologues du Qu\u00e9bec<\/span><br \/>\n<!-- \/divi:paragraph -->[\/et_pb_text][et_pb_button button_url=\u00a0\u00bbhttps:\/\/cliniquespectrum.com\/fr\/ados-2-formation-clinique-en-ligne-fev26\/\u00a0\u00bb button_text=\u00a0\u00bbVoir plus\u00a0\u00bb button_alignment=\u00a0\u00bbleft\u00a0\u00bb disabled_on=\u00a0\u00bbon|on|on\u00a0\u00bb admin_label=\u00a0\u00bbVoir plus\u00a0\u00bb _builder_version=\u00a0\u00bb4.27.5&Prime; custom_margin=\u00a0\u00bb15px||||false|false\u00a0\u00bb disabled=\u00a0\u00bbon\u00a0\u00bb global_colors_info=\u00a0\u00bb{}\u00a0\u00bb][\/et_pb_button][et_pb_text disabled_on=\u00a0\u00bbon|on|on\u00a0\u00bb admin_label=\u00a0\u00bbL\u2019entrevue d\u00e9veloppementale\u00a0\u00bb _builder_version=\u00a0\u00bb4.27.5&Prime; header_line_height=\u00a0\u00bb1.4em\u00a0\u00bb header_2_line_height=\u00a0\u00bb1.4em\u00a0\u00bb header_3_line_height=\u00a0\u00bb1.2em\u00a0\u00bb background_size=\u00a0\u00bbinitial\u00a0\u00bb background_position=\u00a0\u00bbtop_left\u00a0\u00bb background_repeat=\u00a0\u00bbrepeat\u00a0\u00bb custom_margin=\u00a0\u00bb||0px||false|false\u00a0\u00bb disabled=\u00a0\u00bbon\u00a0\u00bb global_colors_info=\u00a0\u00bb{}\u00a0\u00bb]<\/p>\n<p><!-- divi:paragraph --><\/p>\n<h3><b>L\u2019entrevue d\u00e9veloppementale dans l\u2019\u00e9valuation diagnostique du trouble du spectre de l\u2019autisme <span class=\"red\">en ligne<\/span><\/b><\/h3>\n<p>Lundi 23 f\u00e9vrier 2026, de 9h \u00e0 13h<br \/>Votre formatrice : <a href=\"https:\/\/cliniquespectrum.com\/fr\/equipe\/#Simon\">Dre Rebecca Simon<\/a><\/p>\n<p><img decoding=\"async\" src=\"https:\/\/cliniquespectrum.com\/wp-content\/uploads\/2022\/03\/OPQ-rectangle.jpg\" class=\"alignright\" style=\"margin-top: 16.5px;\" \/> <img decoding=\"async\" src=\"https:\/\/cliniquespectrum.com\/wp-content\/uploads\/2025\/03\/seal-4-heures-OPQ.jpg\" class=\"alignright\" style=\"width: 100px; height: 100px;\" \/> <span class=\"break\">4 heures de formation continue reconnues par l\u2019Ordre des psychologues du Qu\u00e9bec<\/span><br \/><!-- \/divi:paragraph --><\/p>\n<p>[\/et_pb_text][et_pb_button button_url=\u00a0\u00bb\/fr\/l-entrevue-developpementale-fev26\/\u00a0\u00bb button_text=\u00a0\u00bbVoir plus\u00a0\u00bb button_alignment=\u00a0\u00bbleft\u00a0\u00bb disabled_on=\u00a0\u00bbon|on|on\u00a0\u00bb admin_label=\u00a0\u00bbVoir plus\u00a0\u00bb _builder_version=\u00a0\u00bb4.27.5&Prime; custom_margin=\u00a0\u00bb15px||||false|false\u00a0\u00bb disabled=\u00a0\u00bbon\u00a0\u00bb global_colors_info=\u00a0\u00bb{}\u00a0\u00bb][\/et_pb_button][et_pb_text disabled_on=\u00a0\u00bboff|off|off\u00a0\u00bb admin_label=\u00a0\u00bbL\u2019\u00e9valuation du trouble du spectre de l\u2019autisme chez les jeunes\u00a0\u00bb _builder_version=\u00a0\u00bb4.27.5&Prime; header_line_height=\u00a0\u00bb1.4em\u00a0\u00bb header_2_line_height=\u00a0\u00bb1.4em\u00a0\u00bb header_3_line_height=\u00a0\u00bb1.2em\u00a0\u00bb background_size=\u00a0\u00bbinitial\u00a0\u00bb background_position=\u00a0\u00bbtop_left\u00a0\u00bb background_repeat=\u00a0\u00bbrepeat\u00a0\u00bb custom_margin=\u00a0\u00bb||0px||false|false\u00a0\u00bb global_colors_info=\u00a0\u00bb{}\u00a0\u00bb]<\/p>\n<p><!-- divi:paragraph --><\/p>\n<h3><b>L\u2019annonce du diagnostic et les recommandations dans l\u2019\u00e9valuation du trouble du spectre de l\u2019autisme chez les jeunes <span class=\"red\">en ligne<\/span><\/b><\/h3>\n<p>Lundi 16 mars 2026, de 9h \u00e0 11h30 (2,5 heures)<br \/>Votre formatrice : <a href=\"https:\/\/cliniquespectrum.com\/fr\/equipe\/#Simon\">Dre Rebecca Simon<\/a><\/p>\n<p><img decoding=\"async\" src=\"https:\/\/cliniquespectrum.com\/wp-content\/uploads\/2022\/03\/OPQ-rectangle.jpg\" class=\"alignright\" style=\"margin-top: 16.5px;\" \/> <img decoding=\"async\" src=\"https:\/\/cliniquespectrum.com\/wp-content\/uploads\/2025\/04\/Seal-2.5-heures-OPQ.jpg\" class=\"alignright\" style=\"width: 100px; height: 100px;\" \/> <span class=\"break\">2.5 heures de formation continue reconnues par l\u2019Ordre des psychologues du Qu\u00e9bec<\/span><br \/><!-- \/divi:paragraph --><\/p>\n<p>[\/et_pb_text][et_pb_button button_url=\u00a0\u00bb\/fr\/evaluation-du-trouble-du-spectre-de-lautisme-chez-les-jeunes\/\u00a0\u00bb button_text=\u00a0\u00bbVoir plus\u00a0\u00bb button_alignment=\u00a0\u00bbleft\u00a0\u00bb disabled_on=\u00a0\u00bboff|off|off\u00a0\u00bb admin_label=\u00a0\u00bbVoir plus\u00a0\u00bb _builder_version=\u00a0\u00bb4.27.5&Prime; custom_margin=\u00a0\u00bb15px||||false|false\u00a0\u00bb global_colors_info=\u00a0\u00bb{}\u00a0\u00bb][\/et_pb_button][et_pb_text disabled_on=\u00a0\u00bboff|off|off\u00a0\u00bb admin_label=\u00a0\u00bbADOS-2 Formation Clinique interactive en ligne\u00a0\u00bb _builder_version=\u00a0\u00bb4.27.6&Prime; header_line_height=\u00a0\u00bb1.4em\u00a0\u00bb header_2_line_height=\u00a0\u00bb1.4em\u00a0\u00bb header_3_line_height=\u00a0\u00bb1.2em\u00a0\u00bb background_size=\u00a0\u00bbinitial\u00a0\u00bb background_position=\u00a0\u00bbtop_left\u00a0\u00bb background_repeat=\u00a0\u00bbrepeat\u00a0\u00bb custom_margin=\u00a0\u00bb||0px||false|false\u00a0\u00bb hover_enabled=\u00a0\u00bb0&Prime; global_colors_info=\u00a0\u00bb{}\u00a0\u00bb sticky_enabled=\u00a0\u00bb0&Prime;]<\/p>\n<p><!-- divi:paragraph --><\/p>\n<h3><strong>ADOS\u20112 \u2013 Formation clinique en pr\u00e9sentiel<\/strong><\/h3>\n<p>5, 6 et 7 mai, 2026, de 8 h 30 \u00e0 16 h (CET)<br \/>Votre formatrice : <a href=\"https:\/\/cliniquespectrum.com\/fr\/equipe\/#Simon\">Dre Rebecca Simon<\/a><\/p>\n<p><img decoding=\"async\" src=\"https:\/\/cliniquespectrum.com\/wp-content\/uploads\/2022\/03\/OPQ-rectangle.jpg\" class=\"alignright\" style=\"margin-top: 16.5px;\" \/> <img decoding=\"async\" src=\"https:\/\/cliniquespectrum.com\/wp-content\/uploads\/2026\/03\/seal-19-5-heures-OPQ-120.jpg\" class=\"alignright\" style=\"width: 100px; height: 100px;\" \/> <span class=\"break\">19.5 heures de formation continue reconnues par l\u2019Ordre des psychologues du Qu\u00e9bec<\/span><br \/><!-- \/divi:paragraph --><\/p>\n<p>[\/et_pb_text][et_pb_button button_url=\u00a0\u00bbhttps:\/\/cliniquespectrum.com\/fr\/ados-2-formation-clinique-bordeaux\/\u00a0\u00bb button_text=\u00a0\u00bbVoir plus\u00a0\u00bb button_alignment=\u00a0\u00bbleft\u00a0\u00bb disabled_on=\u00a0\u00bboff|off|off\u00a0\u00bb admin_label=\u00a0\u00bbVoir plus\u00a0\u00bb _builder_version=\u00a0\u00bb4.27.6&Prime; custom_margin=\u00a0\u00bb15px||||false|false\u00a0\u00bb hover_enabled=\u00a0\u00bb0&Prime; global_colors_info=\u00a0\u00bb{}\u00a0\u00bb sticky_enabled=\u00a0\u00bb0&Prime;][\/et_pb_button][et_pb_text disabled_on=\u00a0\u00bboff|off|off\u00a0\u00bb admin_label=\u00a0\u00bbADOS-2&Prime; _builder_version=\u00a0\u00bb4.27.5&Prime; background_size=\u00a0\u00bbinitial\u00a0\u00bb background_position=\u00a0\u00bbtop_left\u00a0\u00bb background_repeat=\u00a0\u00bbrepeat\u00a0\u00bb custom_margin=\u00a0\u00bb||0px||false|false\u00a0\u00bb global_colors_info=\u00a0\u00bb{}\u00a0\u00bb]<\/p>\n<p><!-- divi:paragraph --><\/p>\n<h3><strong>ADOS-2 Online Clinical Training<\/strong><\/h3>\n<p>June 1-2-3, 2026 <br \/>Certified trainer: <a href=\"https:\/\/cliniquespectrum.com\/team\/#Reisinger\">Dr Lisa Reisinger<\/a><\/p>\n<p><img decoding=\"async\" src=\"https:\/\/cliniquespectrum.com\/wp-content\/uploads\/2022\/03\/OPQ-rectangle.jpg\" class=\"alignright\" style=\"margin-top: 16.5px;\" \/> <img decoding=\"async\" src=\"https:\/\/cliniquespectrum.com\/wp-content\/uploads\/2022\/03\/OPA-Accreditation-logo.jpg\" class=\"alignright\" style=\"width: 100px; height: 100px;\" \/> <img decoding=\"async\" src=\"https:\/\/cliniquespectrum.com\/wp-content\/uploads\/2026\/03\/seal-19-5-hours-OPQ-OPA-120.jpg\" class=\"alignright\" style=\"width: 100px; height: 100px;\" \/> 19.5 hours of continuing education recognized by the Ordre des psychologues du Qu\u00e9bec and by the Ontario Psychological Association<br \/><!-- \/divi:paragraph --><\/p>\n<p>[\/et_pb_text][et_pb_button button_url=\u00a0\u00bbhttps:\/\/cliniquespectrum.com\/trainings\/ados-2\/\u00a0\u00bb button_text=\u00a0\u00bbFind out more\u00a0\u00bb button_alignment=\u00a0\u00bbleft\u00a0\u00bb disabled_on=\u00a0\u00bboff|off|off\u00a0\u00bb admin_label=\u00a0\u00bbFind out more\u00a0\u00bb _builder_version=\u00a0\u00bb4.27.5&Prime; custom_margin=\u00a0\u00bb15px||||false|false\u00a0\u00bb global_colors_info=\u00a0\u00bb{}\u00a0\u00bb][\/et_pb_button][et_pb_text disabled_on=\u00a0\u00bboff|off|off\u00a0\u00bb admin_label=\u00a0\u00bbDevelopmental Diagnostic Differentiation Training\u00a0\u00bb _builder_version=\u00a0\u00bb4.16&Prime; header_line_height=\u00a0\u00bb1.4em\u00a0\u00bb header_2_line_height=\u00a0\u00bb1.4em\u00a0\u00bb header_3_line_height=\u00a0\u00bb1.2em\u00a0\u00bb background_size=\u00a0\u00bbinitial\u00a0\u00bb background_position=\u00a0\u00bbtop_left\u00a0\u00bb background_repeat=\u00a0\u00bbrepeat\u00a0\u00bb custom_margin=\u00a0\u00bb||0px||false|false\u00a0\u00bb global_colors_info=\u00a0\u00bb{}\u00a0\u00bb]<!-- divi:paragraph --><\/p>\n<h3><b>Developmental Diagnostic Differentiation Training for Professionals<\/b><\/h3>\n<p>If you are interested in this course, please complete the form and we will get back when this training will be given in the future.<br \/>\n<!-- \/divi:paragraph -->[\/et_pb_text][et_pb_button button_url=\u00a0\u00bbhttps:\/\/cliniquespectrum.com\/application-form-interest-differential-diagnostic-course\/\u00a0\u00bb button_text=\u00a0\u00bbRegister your interest\u00a0\u00bb button_alignment=\u00a0\u00bbleft\u00a0\u00bb admin_label=\u00a0\u00bbRegister your interest\u00a0\u00bb _builder_version=\u00a0\u00bb4.16&Prime; custom_margin=\u00a0\u00bb15px||||false|false\u00a0\u00bb global_colors_info=\u00a0\u00bb{}\u00a0\u00bb][\/et_pb_button][et_pb_text admin_label=\u00a0\u00bbConference &#8211;  Autisme sans fronti\u00e8res\u00a0\u00bb _builder_version=\u00a0\u00bb4.27.6&Prime; background_size=\u00a0\u00bbinitial\u00a0\u00bb background_position=\u00a0\u00bbtop_left\u00a0\u00bb background_repeat=\u00a0\u00bbrepeat\u00a0\u00bb custom_margin=\u00a0\u00bb45px||0px||false|false\u00a0\u00bb hover_enabled=\u00a0\u00bb0&Prime; locked=\u00a0\u00bboff\u00a0\u00bb global_colors_info=\u00a0\u00bb{}\u00a0\u00bb sticky_enabled=\u00a0\u00bb0&Prime;]<\/p>\n<h3><b>Conference &#8211;\u00a0Autisme sans fronti\u00e8res<\/b><\/h3>\n<p>EXP\u00c9RIENCES ET SAVOIRS PARTAG\u00c9S, Dialogues cliniques et soci\u00e9taux entre la France, le Qu\u00e9bec et la francophonie &#8211; 4 au 7 mai 2026[\/et_pb_text][et_pb_button button_url=\u00a0\u00bbhttps:\/\/conference.cliniquespectrum.com\/\u00a0\u00bb url_new_window=\u00a0\u00bbon\u00a0\u00bb button_text=\u00a0\u00bbEn savoir plus\u00a0\u00bb button_alignment=\u00a0\u00bbleft\u00a0\u00bb admin_label=\u00a0\u00bbEn savoir plus\u00a0\u00bb _builder_version=\u00a0\u00bb4.27.4&Prime; custom_margin=\u00a0\u00bb15px||||false|false\u00a0\u00bb locked=\u00a0\u00bboff\u00a0\u00bb global_colors_info=\u00a0\u00bb{}\u00a0\u00bb][\/et_pb_button][\/et_pb_column][et_pb_column type=\u00a0\u00bb1_3&Prime; _builder_version=\u00a0\u00bb4.16&Prime; custom_padding=\u00a0\u00bb|||\u00a0\u00bb global_colors_info=\u00a0\u00bb{}\u00a0\u00bb custom_padding__hover=\u00a0\u00bb|||\u00a0\u00bb][et_pb_video src=\u00a0\u00bbhttps:\/\/cliniquespectrum.com\/wp-content\/uploads\/2021\/03\/Lisa-Intro-ADOS-English.mp4&Prime; image_src=\u00a0\u00bbhttps:\/\/cliniquespectrum.com\/wp-content\/uploads\/2021\/03\/Lisa-Intro-ADOS-English-overlay-min.jpg\u00a0\u00bb admin_label=\u00a0\u00bbDr Lisa\u00a0\u00bb _builder_version=\u00a0\u00bb4.16&Prime; _module_preset=\u00a0\u00bbdefault\u00a0\u00bb global_colors_info=\u00a0\u00bb{}\u00a0\u00bb][\/et_pb_video][et_pb_video src=\u00a0\u00bbhttps:\/\/cliniquespectrum.com\/wp-content\/uploads\/2021\/03\/Dr-Simon-Intro-ADOS-Francais.mp4&Prime; image_src=\u00a0\u00bbhttps:\/\/cliniquespectrum.com\/wp-content\/uploads\/2023\/04\/Dr-Simon-Intro-ADOS-Francais-min-1024&#215;576-1.jpg\u00a0\u00bb admin_label=\u00a0\u00bbDr Simon\u00a0\u00bb _builder_version=\u00a0\u00bb4.16&Prime; _module_preset=\u00a0\u00bbdefault\u00a0\u00bb global_colors_info=\u00a0\u00bb{}\u00a0\u00bb][\/et_pb_video][\/et_pb_column][\/et_pb_row][et_pb_row column_structure=\u00a0\u00bb1_3,1_3,1_3&Prime; _builder_version=\u00a0\u00bb4.27.4&Prime; _module_preset=\u00a0\u00bbdefault\u00a0\u00bb locked=\u00a0\u00bboff\u00a0\u00bb global_colors_info=\u00a0\u00bb{}\u00a0\u00bb][et_pb_column type=\u00a0\u00bb1_3&Prime; _builder_version=\u00a0\u00bb4.27.4&Prime; _module_preset=\u00a0\u00bbdefault\u00a0\u00bb global_colors_info=\u00a0\u00bb{}\u00a0\u00bb][et_pb_image src=\u00a0\u00bbhttps:\/\/cliniquespectrum.com\/wp-content\/uploads\/2025\/12\/07-Insta-FB-Leve-tot-Presentateurs-Vedettes-Leve-tot.jpg\u00a0\u00bb title_text=\u00a0\u00bb07 Insta FB L\u00e8ve-t\u00f4t Pr\u00e9sentateurs Vedettes &#8211; L\u00e8ve-t\u00f4t\u00a0\u00bb show_in_lightbox=\u00a0\u00bbon\u00a0\u00bb _builder_version=\u00a0\u00bb4.27.5&Prime; _module_preset=\u00a0\u00bbdefault\u00a0\u00bb global_colors_info=\u00a0\u00bb{}\u00a0\u00bb][\/et_pb_image][\/et_pb_column][et_pb_column type=\u00a0\u00bb1_3&Prime; _builder_version=\u00a0\u00bb4.27.4&Prime; _module_preset=\u00a0\u00bbdefault\u00a0\u00bb global_colors_info=\u00a0\u00bb{}\u00a0\u00bb][et_pb_image src=\u00a0\u00bbhttps:\/\/cliniquespectrum.com\/wp-content\/uploads\/2025\/12\/01-Insta-FB-Leve-tot-Fombonne-Henault.jpg\u00a0\u00bb title_text=\u00a0\u00bb01 Insta FB L\u00e8ve-t\u00f4t Fombonne Henault\u00a0\u00bb show_in_lightbox=\u00a0\u00bbon\u00a0\u00bb _builder_version=\u00a0\u00bb4.27.5&Prime; _module_preset=\u00a0\u00bbdefault\u00a0\u00bb global_colors_info=\u00a0\u00bb{}\u00a0\u00bb][\/et_pb_image][\/et_pb_column][et_pb_column type=\u00a0\u00bb1_3&Prime; _builder_version=\u00a0\u00bb4.27.4&Prime; _module_preset=\u00a0\u00bbdefault\u00a0\u00bb global_colors_info=\u00a0\u00bb{}\u00a0\u00bb][et_pb_image src=\u00a0\u00bbhttps:\/\/cliniquespectrum.com\/wp-content\/uploads\/2025\/12\/02-Insta-FB-Leve-tot-ADOS-2-avec-Rebecca-Simon.jpg\u00a0\u00bb title_text=\u00a0\u00bb02 Insta FB L\u00e8ve-t\u00f4t ADOS-2 avec Rebecca Simon\u00a0\u00bb show_in_lightbox=\u00a0\u00bbon\u00a0\u00bb _builder_version=\u00a0\u00bb4.27.5&Prime; _module_preset=\u00a0\u00bbdefault\u00a0\u00bb global_colors_info=\u00a0\u00bb{}\u00a0\u00bb][\/et_pb_image][\/et_pb_column][\/et_pb_row][et_pb_row column_structure=\u00a0\u00bb1_3,1_3,1_3&Prime; _builder_version=\u00a0\u00bb4.27.4&Prime; _module_preset=\u00a0\u00bbdefault\u00a0\u00bb locked=\u00a0\u00bboff\u00a0\u00bb global_colors_info=\u00a0\u00bb{}\u00a0\u00bb][et_pb_column type=\u00a0\u00bb1_3&Prime; _builder_version=\u00a0\u00bb4.27.4&Prime; _module_preset=\u00a0\u00bbdefault\u00a0\u00bb global_colors_info=\u00a0\u00bb{}\u00a0\u00bb][et_pb_image src=\u00a0\u00bbhttps:\/\/cliniquespectrum.com\/wp-content\/uploads\/2025\/12\/03-Insta-FB-Leve-totApercu-Presentations.jpg\u00a0\u00bb title_text=\u00a0\u00bb03 Insta FB L\u00e8ve-t\u00f4tAper\u00e7u Pr\u00e9sentations\u00a0\u00bb show_in_lightbox=\u00a0\u00bbon\u00a0\u00bb _builder_version=\u00a0\u00bb4.27.5&Prime; _module_preset=\u00a0\u00bbdefault\u00a0\u00bb global_colors_info=\u00a0\u00bb{}\u00a0\u00bb][\/et_pb_image][\/et_pb_column][et_pb_column type=\u00a0\u00bb1_3&Prime; _builder_version=\u00a0\u00bb4.27.4&Prime; _module_preset=\u00a0\u00bbdefault\u00a0\u00bb global_colors_info=\u00a0\u00bb{}\u00a0\u00bb][et_pb_image src=\u00a0\u00bbhttps:\/\/cliniquespectrum.com\/wp-content\/uploads\/2025\/12\/04-Insta-FB-Leve-tot_-Garcin-Tran-Brebion-Batty.jpg\u00a0\u00bb title_text=\u00a0\u00bb04 Insta FB L\u00e8ve-t\u00f4t_ Garcin Tran Brebion Batty\u00a0\u00bb show_in_lightbox=\u00a0\u00bbon\u00a0\u00bb _builder_version=\u00a0\u00bb4.27.4&Prime; _module_preset=\u00a0\u00bbdefault\u00a0\u00bb global_colors_info=\u00a0\u00bb{}\u00a0\u00bb][\/et_pb_image][\/et_pb_column][et_pb_column type=\u00a0\u00bb1_3&Prime; _builder_version=\u00a0\u00bb4.27.4&Prime; _module_preset=\u00a0\u00bbdefault\u00a0\u00bb global_colors_info=\u00a0\u00bb{}\u00a0\u00bb][et_pb_image src=\u00a0\u00bbhttps:\/\/cliniquespectrum.com\/wp-content\/uploads\/2025\/12\/05-Insta-FB-Leve-tot_-Carmel-Hlibchuck-Reisinger-Leibovitch.jpg\u00a0\u00bb title_text=\u00a0\u00bb05 Insta FB L\u00e8ve-t\u00f4t_ Carmel Hlibchuck Reisinger Leibovitch\u00a0\u00bb show_in_lightbox=\u00a0\u00bbon\u00a0\u00bb _builder_version=\u00a0\u00bb4.27.4&Prime; _module_preset=\u00a0\u00bbdefault\u00a0\u00bb global_colors_info=\u00a0\u00bb{}\u00a0\u00bb][\/et_pb_image][\/et_pb_column][\/et_pb_row][et_pb_row column_structure=\u00a0\u00bb1_3,1_3,1_3&Prime; _builder_version=\u00a0\u00bb4.27.4&Prime; _module_preset=\u00a0\u00bbdefault\u00a0\u00bb locked=\u00a0\u00bboff\u00a0\u00bb global_colors_info=\u00a0\u00bb{}\u00a0\u00bb][et_pb_column type=\u00a0\u00bb1_3&Prime; _builder_version=\u00a0\u00bb4.27.4&Prime; _module_preset=\u00a0\u00bbdefault\u00a0\u00bb global_colors_info=\u00a0\u00bb{}\u00a0\u00bb][et_pb_image src=\u00a0\u00bbhttps:\/\/cliniquespectrum.com\/wp-content\/uploads\/2025\/12\/06-Insta-FB-Leve-tot_-Higgins-Vininsky-Melhem-Benaroche.jpg\u00a0\u00bb title_text=\u00a0\u00bb06 Insta FB L\u00e8ve-t\u00f4t_ Higgins Vininsky Melhem Benaroche\u00a0\u00bb show_in_lightbox=\u00a0\u00bbon\u00a0\u00bb _builder_version=\u00a0\u00bb4.27.4&Prime; _module_preset=\u00a0\u00bbdefault\u00a0\u00bb global_colors_info=\u00a0\u00bb{}\u00a0\u00bb][\/et_pb_image][\/et_pb_column][et_pb_column type=\u00a0\u00bb1_3&Prime; _builder_version=\u00a0\u00bb4.27.4&Prime; _module_preset=\u00a0\u00bbdefault\u00a0\u00bb global_colors_info=\u00a0\u00bb{}\u00a0\u00bb][\/et_pb_column][et_pb_column type=\u00a0\u00bb1_3&Prime; _builder_version=\u00a0\u00bb4.27.4&Prime; _module_preset=\u00a0\u00bbdefault\u00a0\u00bb global_colors_info=\u00a0\u00bb{}\u00a0\u00bb][\/et_pb_column][\/et_pb_row][\/et_pb_section]<\/p>\n","protected":false},"excerpt":{"rendered":"<p>Les participants souhaitant perfectionner leurs comp\u00e9tences dans l\u2019\u00e9valuation du TSA \u00e0 l\u2019aide de l\u2019ADOS-2 et de l\u2019ADI-R, peuvent se joindre \u00e0 notre atelier de formation approfondie.<\/p>\n","protected":false},"author":1,"featured_media":2405,"parent":0,"menu_order":15,"comment_status":"closed","ping_status":"closed","template":"","meta":{"_et_pb_use_builder":"on","_et_pb_old_content":"<!-- wp:paragraph -->\n<p><strong>February 26<sup>th<\/sup>, 27<sup>th<\/sup> and half-day on the 28<sup>th<\/sup> 2019<\/strong><br>\n2 \u00bd day ADVANCED\/RESEARCH training on the ADOS-2 <br>\nCertified trainers: Dr Lisa Reisinger and Dr Rebecca Simon<\/p>\n<!-- \/wp:paragraph -->\n\n<!-- wp:button {\"className\":\"is-style-outline aligncenter\"} -->\n<div class=\"wp-block-button is-style-outline aligncenter\"><a class=\"wp-block-button__link wp-element-button\" href=\"\/diagnosis-of-autism-spectrum-disorder\/\">Find out more<br><\/a><\/div>\n<!-- \/wp:button -->\n\n<!-- wp:paragraph -->\n<p><strong>April 8<sup>th<\/sup>, 2019<\/strong> Dr Jerome Sattler \u2013 &nbsp;workshop based on NEW book \/ SAVE THE DATE! Information coming soon!<br>\nASSESSMENT OF CHILDREN: COGNITIVE FOUNDATIONS AND APPLICATIONS, SIXTH EDITION<\/p>\n<!-- \/wp:paragraph -->\n\n<!-- wp:paragraph -->\n<p><strong>April 9<sup>th<\/sup>, 10<sup>th<\/sup>, 11<sup>th<\/sup>, 2019<\/strong><br>\nENGLISH CLINICAL training ADOS-2 (with Toddler module)<br>\nCertified trainer: Dr Lisa Reisinger<\/p>\n<!-- \/wp:paragraph -->\n\n<!-- wp:button {\"className\":\"is-style-outline aligncenter\"} -->\n<div class=\"wp-block-button is-style-outline aligncenter\"><a class=\"wp-block-button__link wp-element-button\" href=\"\/diagnosis-of-autism-spectrum-disorder\/\">Find out more<br><\/a><\/div>\n<!-- \/wp:button -->\n\n<!-- wp:paragraph -->\n<p><strong>April 11<sup>th<\/sup>, 12<sup>th<\/sup> and 15<sup>th<\/sup>, 2019<\/strong><br>\nFRAN\u00c7AIS formation CLINIQUE sur l\u2019ADOS-2 (incluant le Module Toddler)<br>\nFormatrice agr\u00e9g\u00e9e&nbsp;:&nbsp; Dre Rebecca Simon<\/p>\n<!-- \/wp:paragraph -->\n\n<!-- wp:button {\"className\":\"is-style-outline aligncenter\"} -->\n<div class=\"wp-block-button is-style-outline aligncenter\"><a class=\"wp-block-button__link wp-element-button\" href=\"\/diagnosis-of-autism-spectrum-disorder\/\">Find out more<br><\/a><\/div>\n<!-- \/wp:button -->","_et_gb_content_width":"","footnotes":""},"class_list":["post-1898","page","type-page","status-publish","has-post-thumbnail","hentry"],"yoast_head":"<!-- This site is optimized with the Yoast SEO plugin v27.3 - https:\/\/yoast.com\/product\/yoast-seo-wordpress\/ -->\n<title>Formations \u00e0 venir - Clinique Spectrum<\/title>\n<meta name=\"description\" content=\"Les participants souhaitant perfectionner leurs comp\u00e9tences dans l\u2019\u00e9valuation du TSA \u00e0 l\u2019aide de l\u2019ADOS-2 et de l\u2019ADI-R, peuvent se joindre \u00e0 notre atelier de formation approfondie.\" \/>\n<meta name=\"robots\" content=\"index, follow, max-snippet:-1, max-image-preview:large, max-video-preview:-1\" \/>\n<link rel=\"canonical\" href=\"https:\/\/cliniquespectrum.com\/fr\/formations\/\" \/>\n<meta property=\"og:locale\" content=\"fr_FR\" \/>\n<meta property=\"og:type\" content=\"article\" \/>\n<meta property=\"og:title\" content=\"Formations \u00e0 venir - Clinique Spectrum\" \/>\n<meta property=\"og:description\" content=\"Les participants souhaitant perfectionner leurs comp\u00e9tences dans l\u2019\u00e9valuation du TSA \u00e0 l\u2019aide de l\u2019ADOS-2 et de l\u2019ADI-R, peuvent se joindre \u00e0 notre atelier de formation approfondie.\" \/>\n<meta property=\"og:url\" content=\"https:\/\/cliniquespectrum.com\/fr\/formations\/\" \/>\n<meta property=\"og:site_name\" content=\"Clinique Spectrum\" \/>\n<meta property=\"article:publisher\" content=\"https:\/\/www.facebook.com\/CliniqueSpectrum\/\" \/>\n<meta property=\"article:modified_time\" content=\"2026-03-16T20:16:35+00:00\" \/>\n<meta property=\"og:image\" content=\"https:\/\/cliniquespectrum.com\/wp-content\/uploads\/2020\/07\/RBT-training-2020-800-min.jpeg\" \/>\n\t<meta property=\"og:image:width\" content=\"800\" \/>\n\t<meta property=\"og:image:height\" content=\"667\" \/>\n\t<meta property=\"og:image:type\" content=\"image\/jpeg\" \/>\n<meta name=\"twitter:card\" content=\"summary_large_image\" \/>\n<meta name=\"twitter:label1\" content=\"Dur\u00e9e de lecture estim\u00e9e\" \/>\n\t<meta name=\"twitter:data1\" content=\"3 minutes\" \/>\n<script type=\"application\/ld+json\" class=\"yoast-schema-graph\">{\"@context\":\"https:\\\/\\\/schema.org\",\"@graph\":[{\"@type\":\"WebPage\",\"@id\":\"https:\\\/\\\/cliniquespectrum.com\\\/fr\\\/formations\\\/\",\"url\":\"https:\\\/\\\/cliniquespectrum.com\\\/fr\\\/formations\\\/\",\"name\":\"Formations \u00e0 venir - Clinique Spectrum\",\"isPartOf\":{\"@id\":\"https:\\\/\\\/cliniquespectrum.com\\\/#website\"},\"primaryImageOfPage\":{\"@id\":\"https:\\\/\\\/cliniquespectrum.com\\\/fr\\\/formations\\\/#primaryimage\"},\"image\":{\"@id\":\"https:\\\/\\\/cliniquespectrum.com\\\/fr\\\/formations\\\/#primaryimage\"},\"thumbnailUrl\":\"https:\\\/\\\/cliniquespectrum.com\\\/wp-content\\\/uploads\\\/2020\\\/07\\\/RBT-training-2020-800-min.jpeg\",\"datePublished\":\"2018-12-08T18:17:24+00:00\",\"dateModified\":\"2026-03-16T20:16:35+00:00\",\"description\":\"Les participants souhaitant perfectionner leurs comp\u00e9tences dans l\u2019\u00e9valuation du TSA \u00e0 l\u2019aide de l\u2019ADOS-2 et de l\u2019ADI-R, peuvent se joindre \u00e0 notre atelier de formation approfondie.\",\"breadcrumb\":{\"@id\":\"https:\\\/\\\/cliniquespectrum.com\\\/fr\\\/formations\\\/#breadcrumb\"},\"inLanguage\":\"fr-FR\",\"potentialAction\":[{\"@type\":\"ReadAction\",\"target\":[\"https:\\\/\\\/cliniquespectrum.com\\\/fr\\\/formations\\\/\"]}]},{\"@type\":\"ImageObject\",\"inLanguage\":\"fr-FR\",\"@id\":\"https:\\\/\\\/cliniquespectrum.com\\\/fr\\\/formations\\\/#primaryimage\",\"url\":\"https:\\\/\\\/cliniquespectrum.com\\\/wp-content\\\/uploads\\\/2020\\\/07\\\/RBT-training-2020-800-min.jpeg\",\"contentUrl\":\"https:\\\/\\\/cliniquespectrum.com\\\/wp-content\\\/uploads\\\/2020\\\/07\\\/RBT-training-2020-800-min.jpeg\",\"width\":800,\"height\":667,\"caption\":\"Become a Registered Behaviour Technician\"},{\"@type\":\"BreadcrumbList\",\"@id\":\"https:\\\/\\\/cliniquespectrum.com\\\/fr\\\/formations\\\/#breadcrumb\",\"itemListElement\":[{\"@type\":\"ListItem\",\"position\":1,\"name\":\"Home\",\"item\":\"https:\\\/\\\/cliniquespectrum.com\\\/fr\\\/\"},{\"@type\":\"ListItem\",\"position\":2,\"name\":\"Formations \u00e0 venir\"}]},{\"@type\":\"WebSite\",\"@id\":\"https:\\\/\\\/cliniquespectrum.com\\\/#website\",\"url\":\"https:\\\/\\\/cliniquespectrum.com\\\/\",\"name\":\"Clinique Spectrum\",\"description\":\"dev site\",\"publisher\":{\"@id\":\"https:\\\/\\\/cliniquespectrum.com\\\/#organization\"},\"potentialAction\":[{\"@type\":\"SearchAction\",\"target\":{\"@type\":\"EntryPoint\",\"urlTemplate\":\"https:\\\/\\\/cliniquespectrum.com\\\/?s={search_term_string}\"},\"query-input\":{\"@type\":\"PropertyValueSpecification\",\"valueRequired\":true,\"valueName\":\"search_term_string\"}}],\"inLanguage\":\"fr-FR\"},{\"@type\":\"Organization\",\"@id\":\"https:\\\/\\\/cliniquespectrum.com\\\/#organization\",\"name\":\"Clinique Spectrum\",\"url\":\"https:\\\/\\\/cliniquespectrum.com\\\/\",\"logo\":{\"@type\":\"ImageObject\",\"inLanguage\":\"fr-FR\",\"@id\":\"https:\\\/\\\/cliniquespectrum.com\\\/#\\\/schema\\\/logo\\\/image\\\/\",\"url\":\"https:\\\/\\\/i2.wp.com\\\/cliniquespectrum.com\\\/wp-content\\\/uploads\\\/2018\\\/12\\\/clinique-spectrum-logo-1.jpg?fit=412%2C93&ssl=1\",\"contentUrl\":\"https:\\\/\\\/i2.wp.com\\\/cliniquespectrum.com\\\/wp-content\\\/uploads\\\/2018\\\/12\\\/clinique-spectrum-logo-1.jpg?fit=412%2C93&ssl=1\",\"width\":412,\"height\":93,\"caption\":\"Clinique Spectrum\"},\"image\":{\"@id\":\"https:\\\/\\\/cliniquespectrum.com\\\/#\\\/schema\\\/logo\\\/image\\\/\"},\"sameAs\":[\"https:\\\/\\\/www.facebook.com\\\/CliniqueSpectrum\\\/\"]}]}<\/script>\n<!-- \/ Yoast SEO plugin. -->","yoast_head_json":{"title":"Formations \u00e0 venir - Clinique Spectrum","description":"Les participants souhaitant perfectionner leurs comp\u00e9tences dans l\u2019\u00e9valuation du TSA \u00e0 l\u2019aide de l\u2019ADOS-2 et de l\u2019ADI-R, peuvent se joindre \u00e0 notre atelier de formation approfondie.","robots":{"index":"index","follow":"follow","max-snippet":"max-snippet:-1","max-image-preview":"max-image-preview:large","max-video-preview":"max-video-preview:-1"},"canonical":"https:\/\/cliniquespectrum.com\/fr\/formations\/","og_locale":"fr_FR","og_type":"article","og_title":"Formations \u00e0 venir - Clinique Spectrum","og_description":"Les participants souhaitant perfectionner leurs comp\u00e9tences dans l\u2019\u00e9valuation du TSA \u00e0 l\u2019aide de l\u2019ADOS-2 et de l\u2019ADI-R, peuvent se joindre \u00e0 notre atelier de formation approfondie.","og_url":"https:\/\/cliniquespectrum.com\/fr\/formations\/","og_site_name":"Clinique Spectrum","article_publisher":"https:\/\/www.facebook.com\/CliniqueSpectrum\/","article_modified_time":"2026-03-16T20:16:35+00:00","og_image":[{"width":800,"height":667,"url":"https:\/\/cliniquespectrum.com\/wp-content\/uploads\/2020\/07\/RBT-training-2020-800-min.jpeg","type":"image\/jpeg"}],"twitter_card":"summary_large_image","twitter_misc":{"Dur\u00e9e de lecture estim\u00e9e":"3 minutes"},"schema":{"@context":"https:\/\/schema.org","@graph":[{"@type":"WebPage","@id":"https:\/\/cliniquespectrum.com\/fr\/formations\/","url":"https:\/\/cliniquespectrum.com\/fr\/formations\/","name":"Formations \u00e0 venir - Clinique Spectrum","isPartOf":{"@id":"https:\/\/cliniquespectrum.com\/#website"},"primaryImageOfPage":{"@id":"https:\/\/cliniquespectrum.com\/fr\/formations\/#primaryimage"},"image":{"@id":"https:\/\/cliniquespectrum.com\/fr\/formations\/#primaryimage"},"thumbnailUrl":"https:\/\/cliniquespectrum.com\/wp-content\/uploads\/2020\/07\/RBT-training-2020-800-min.jpeg","datePublished":"2018-12-08T18:17:24+00:00","dateModified":"2026-03-16T20:16:35+00:00","description":"Les participants souhaitant perfectionner leurs comp\u00e9tences dans l\u2019\u00e9valuation du TSA \u00e0 l\u2019aide de l\u2019ADOS-2 et de l\u2019ADI-R, peuvent se joindre \u00e0 notre atelier de formation approfondie.","breadcrumb":{"@id":"https:\/\/cliniquespectrum.com\/fr\/formations\/#breadcrumb"},"inLanguage":"fr-FR","potentialAction":[{"@type":"ReadAction","target":["https:\/\/cliniquespectrum.com\/fr\/formations\/"]}]},{"@type":"ImageObject","inLanguage":"fr-FR","@id":"https:\/\/cliniquespectrum.com\/fr\/formations\/#primaryimage","url":"https:\/\/cliniquespectrum.com\/wp-content\/uploads\/2020\/07\/RBT-training-2020-800-min.jpeg","contentUrl":"https:\/\/cliniquespectrum.com\/wp-content\/uploads\/2020\/07\/RBT-training-2020-800-min.jpeg","width":800,"height":667,"caption":"Become a Registered Behaviour Technician"},{"@type":"BreadcrumbList","@id":"https:\/\/cliniquespectrum.com\/fr\/formations\/#breadcrumb","itemListElement":[{"@type":"ListItem","position":1,"name":"Home","item":"https:\/\/cliniquespectrum.com\/fr\/"},{"@type":"ListItem","position":2,"name":"Formations \u00e0 venir"}]},{"@type":"WebSite","@id":"https:\/\/cliniquespectrum.com\/#website","url":"https:\/\/cliniquespectrum.com\/","name":"Clinique Spectrum","description":"dev site","publisher":{"@id":"https:\/\/cliniquespectrum.com\/#organization"},"potentialAction":[{"@type":"SearchAction","target":{"@type":"EntryPoint","urlTemplate":"https:\/\/cliniquespectrum.com\/?s={search_term_string}"},"query-input":{"@type":"PropertyValueSpecification","valueRequired":true,"valueName":"search_term_string"}}],"inLanguage":"fr-FR"},{"@type":"Organization","@id":"https:\/\/cliniquespectrum.com\/#organization","name":"Clinique Spectrum","url":"https:\/\/cliniquespectrum.com\/","logo":{"@type":"ImageObject","inLanguage":"fr-FR","@id":"https:\/\/cliniquespectrum.com\/#\/schema\/logo\/image\/","url":"https:\/\/i2.wp.com\/cliniquespectrum.com\/wp-content\/uploads\/2018\/12\/clinique-spectrum-logo-1.jpg?fit=412%2C93&ssl=1","contentUrl":"https:\/\/i2.wp.com\/cliniquespectrum.com\/wp-content\/uploads\/2018\/12\/clinique-spectrum-logo-1.jpg?fit=412%2C93&ssl=1","width":412,"height":93,"caption":"Clinique Spectrum"},"image":{"@id":"https:\/\/cliniquespectrum.com\/#\/schema\/logo\/image\/"},"sameAs":["https:\/\/www.facebook.com\/CliniqueSpectrum\/"]}]}},"_links":{"self":[{"href":"https:\/\/cliniquespectrum.com\/fr\/wp-json\/wp\/v2\/pages\/1898","targetHints":{"allow":["GET"]}}],"collection":[{"href":"https:\/\/cliniquespectrum.com\/fr\/wp-json\/wp\/v2\/pages"}],"about":[{"href":"https:\/\/cliniquespectrum.com\/fr\/wp-json\/wp\/v2\/types\/page"}],"author":[{"embeddable":true,"href":"https:\/\/cliniquespectrum.com\/fr\/wp-json\/wp\/v2\/users\/1"}],"replies":[{"embeddable":true,"href":"https:\/\/cliniquespectrum.com\/fr\/wp-json\/wp\/v2\/comments?post=1898"}],"version-history":[{"count":5,"href":"https:\/\/cliniquespectrum.com\/fr\/wp-json\/wp\/v2\/pages\/1898\/revisions"}],"predecessor-version":[{"id":12826,"href":"https:\/\/cliniquespectrum.com\/fr\/wp-json\/wp\/v2\/pages\/1898\/revisions\/12826"}],"wp:featuredmedia":[{"embeddable":true,"href":"https:\/\/cliniquespectrum.com\/fr\/wp-json\/wp\/v2\/media\/2405"}],"wp:attachment":[{"href":"https:\/\/cliniquespectrum.com\/fr\/wp-json\/wp\/v2\/media?parent=1898"}],"curies":[{"name":"wp","href":"https:\/\/api.w.org\/{rel}","templated":true}]}}