{"id":7047,"date":"2024-08-09T03:25:12","date_gmt":"2024-08-09T07:25:12","guid":{"rendered":"https:\/\/cliniquespectrum.com\/?page_id=7047"},"modified":"2026-03-16T16:15:45","modified_gmt":"2026-03-16T20:15:45","slug":"ados-2-formation-clinique-bordeaux","status":"publish","type":"page","link":"https:\/\/cliniquespectrum.com\/fr\/ados-2-formation-clinique-bordeaux\/","title":{"rendered":"ADOS-2 Formation clinique en ligne"},"content":{"rendered":"<p>[et_pb_section fb_built=\u00a0\u00bb1&Prime; module_class=\u00a0\u00bbtraining\u00a0\u00bb _builder_version=\u00a0\u00bb4.16&Prime; global_colors_info=\u00a0\u00bb{}\u00a0\u00bb][et_pb_row column_structure=\u00a0\u00bb2_3,1_3&Prime; _builder_version=\u00a0\u00bb4.16&Prime; custom_margin=\u00a0\u00bb||0px||false|false\u00a0\u00bb custom_padding=\u00a0\u00bb||0px||false|false\u00a0\u00bb global_colors_info=\u00a0\u00bb{}\u00a0\u00bb][et_pb_column type=\u00a0\u00bb2_3&Prime; _builder_version=\u00a0\u00bb4.16&Prime; custom_padding=\u00a0\u00bb|||\u00a0\u00bb global_colors_info=\u00a0\u00bb{}\u00a0\u00bb custom_padding__hover=\u00a0\u00bb|||\u00a0\u00bb][et_pb_text admin_label=\u00a0\u00bbTitle and Training\u00a0\u00bb module_class=\u00a0\u00bbtitle\u00a0\u00bb _builder_version=\u00a0\u00bb4.27.6&Prime; custom_margin=\u00a0\u00bb||0px||false|false\u00a0\u00bb global_colors_info=\u00a0\u00bb{}\u00a0\u00bb]<\/p>\n<h2>Formation clinique en pr\u00e9sentiel<\/h2>\n<h3>Formation Clinique \u00e0 l\u2019ADOS-2 (incluant le MODULE \u2018TODDLER\u2019)<\/h3>\n<p><strong>Dates : <\/strong>5, 6 et 7 mai, 2026, de 8h30 \u00e0 16h (CET)<br \/><strong>Lieu : En pr\u00e9sentiel<\/strong> au Ch\u00e2teau de Seguin, 3 Chemin du Bon Coin, Lignan\u2011de\u2011Bordeaux, France \u2013 salle Malbec<br \/><strong>Votre formatrice :<\/strong> <a href=\"https:\/\/cliniquespectrum.com\/fr\/equipe\/#Simon\">Dre Rebecca Simon<\/a><br \/><strong>Langue :<\/strong> Fran\u00e7ais<br \/><strong>Tarif l\u00e8ve\u2011t\u00f4t :<\/strong> 1 360 \u20ac<br \/>Tarif r\u00e9gulier : 1 460 \u20ac (apr\u00e8s la p\u00e9riode l\u00e8ve\u2011t\u00f4t)<br \/>Cette inscription inclut \u00e9galement la premi\u00e8re journ\u00e9e du s\u00e9minaire avec Dr Fombonne et Dre H\u00e9nault. <a href=\"https:\/\/conference.cliniquespectrum.com\/programme\/#jour1\" target=\"_blank\" rel=\"noopener\">Consulter le programme complet.<\/a><\/p>\n<p>[\/et_pb_text][et_pb_text admin_label=\u00a0\u00bbIntro text\u00a0\u00bb _builder_version=\u00a0\u00bb4.27.6&Prime; hover_enabled=\u00a0\u00bb0&Prime; global_colors_info=\u00a0\u00bb{}\u00a0\u00bb sticky_enabled=\u00a0\u00bb0&Prime; custom_margin=\u00a0\u00bb||0px||false|false\u00a0\u00bb custom_padding=\u00a0\u00bb||0px||false|false\u00a0\u00bb]<\/p>\n<h3>Inscription<\/h3>\n<p>[\/et_pb_text][et_pb_button button_url=\u00a0\u00bbhttps:\/\/conference.cliniquespectrum.com\/inscription-seminaire-jour-1-et-formation-ados-2\/#inscription\u00a0\u00bb button_text=\u00a0\u00bbRemplir le formulaire en ligne\u00a0\u00bb disabled_on=\u00a0\u00bboff|off|off\u00a0\u00bb admin_label=\u00a0\u00bbPour vous inscrire\u00a0\u00bb _builder_version=\u00a0\u00bb4.27.6&Prime; _module_preset=\u00a0\u00bbdefault\u00a0\u00bb custom_margin=\u00a0\u00bb15px||29px||false|false\u00a0\u00bb hover_enabled=\u00a0\u00bb0&Prime; global_colors_info=\u00a0\u00bb{}\u00a0\u00bb url_new_window=\u00a0\u00bbon\u00a0\u00bb sticky_enabled=\u00a0\u00bb0&Prime;][\/et_pb_button][et_pb_text admin_label=\u00a0\u00bbIntro text\u00a0\u00bb _builder_version=\u00a0\u00bb4.27.6&Prime; hover_enabled=\u00a0\u00bb0&Prime; global_colors_info=\u00a0\u00bb{}\u00a0\u00bb sticky_enabled=\u00a0\u00bb0&Prime;]<\/p>\n<ul>\n<li>Ou envoyer votre intention de participation \u00e0 : <a href=\"mailto:conference@cliniquespectrum.com\">conference@cliniquespectrum.com<\/a><\/li>\n<li>Veuillez noter que l\u2019admission \u00e0 la formation intensive ADOS 2 doit \u00eatre approuv\u00e9e \u00e0 l\u2019avance. L\u2019inscription permet de r\u00e9server votre place; la formatrice certifi\u00e9e confirmera ensuite votre participation.<\/li>\n<\/ul>\n<p>[\/et_pb_text][et_pb_text admin_label=\u00a0\u00bbSeals\u00a0\u00bb _builder_version=\u00a0\u00bb4.27.6&Prime; _module_preset=\u00a0\u00bbdefault\u00a0\u00bb global_colors_info=\u00a0\u00bb{}\u00a0\u00bb]<img decoding=\"async\" src=\"https:\/\/cliniquespectrum.com\/wp-content\/uploads\/2022\/03\/OPQ-rectangle.jpg\" alt=\"19.5 hours of continuing education recognized by the Ordre des psychologues du Qu\u00e9bec\" class=\"alignleft\" style=\"margin-top: 16.5px;\" \/> <img loading=\"lazy\" decoding=\"async\" src=\"https:\/\/cliniquespectrum.com\/wp-content\/uploads\/2026\/03\/seal-19-5-heures-OPQ-120.jpg\" alt=\"19.5 hours of continuing education recognized by the Ordre des psychologues du Qu\u00e9bec\" class=\"alignleft size-full\" width=\"120\" height=\"120\" \/><span class=\"break\">19.5 heures de formation continue reconnues par l\u2019Ordre des psychologues du Qu\u00e9bec (l&rsquo;OPQ).<br \/>\n<\/span><\/p>\n<div class=\"clear\"><\/div>\n<p>[\/et_pb_text][et_pb_text admin_label=\u00a0\u00bbIntro text\u00a0\u00bb _builder_version=\u00a0\u00bb4.27.6&Prime; global_colors_info=\u00a0\u00bb{}\u00a0\u00bb]<\/p>\n<h3>\u00c0 propos de la formation<\/h3>\n<p><strong>L&rsquo;\u00c9chelle d\u2019Observation pour le Diagnostic de l\u2019Autisme \u2013 2e \u00e9dition (ADOS-2)<\/strong> est consid\u00e9r\u00e9e \u00e0 l\u2019\u00e9chelle mondiale comme l\u2019outil de r\u00e9f\u00e9rence pour l\u2019\u00e9valuation observationnelle du trouble du spectre de l\u2019autisme (TSA).<\/p>\n<p>Cette formation clinique approfondie de trois jours s\u2019adresse aux professionnels souhaitant <strong>d\u00e9velopper leurs comp\u00e9tences dans l\u2019administration, la cotation et l\u2019interpr\u00e9tation de l\u2019ADOS-2<\/strong>.<\/p>\n<p>Sous la supervision de <strong>Dre Simon<\/strong>, vous apprendrez \u00e0 :<\/p>\n<ul>\n<li>Comment effectuer une administration standardis\u00e9e \u00e0 l\u2019ADOS-2<\/li>\n<li>Comment utiliser l\u2019ADOS-2 pour soutenir le processus de prise de d\u00e9cision clinique en \u00e9cartant ou en confirmant un diagnostic de TSA du DSM-5<\/li>\n<li>Apprendre \u00e0 utiliser l\u2019ADOS-2 comme un outil dans le processus de diagnostic diff\u00e9rentiel<\/li>\n<li>Possibilit\u00e9 de voir les administrations en direct de l\u2019ADOS-2, de s\u2019exercer \u00e0 la notation et de discuter de l\u2019interpr\u00e9tation des r\u00e9sultats de l\u2019\u00e9valuation<\/li>\n<\/ul>\n<p>Un <strong>certificat d\u2019attestation de participation<\/strong> sera remis \u00e0 la fin de la formation.<\/p>\n<p>[\/et_pb_text][et_pb_divider divider_position=\u00a0\u00bbcenter\u00a0\u00bb _builder_version=\u00a0\u00bb4.27.4&Prime; _module_preset=\u00a0\u00bbdefault\u00a0\u00bb width=\u00a0\u00bb60%\u00a0\u00bb custom_margin=\u00a0\u00bb0px|auto|0px|auto|false|false\u00a0\u00bb global_colors_info=\u00a0\u00bb{}\u00a0\u00bb][\/et_pb_divider][et_pb_text admin_label=\u00a0\u00bbIntro text\u00a0\u00bb _builder_version=\u00a0\u00bb4.27.6&Prime; global_colors_info=\u00a0\u00bb{}\u00a0\u00bb]<\/p>\n<h3>Mat\u00e9riel requis (non inclus dans les frais de la formation)<\/h3>\n<ol>\n<li><strong>Manuel ADOS-2<\/strong> \u2013 lecture fortement recommand\u00e9e avant la formation<\/li>\n<li><strong>Cahiers de notation<\/strong> pour chacun des cinq modules (Toddler, 1 \u00e0 4)<\/li>\n<\/ol>\n<p>Vous pouvez vous procurer le mat\u00e9riel aupr\u00e8s de <a href=\"https:\/\/www.pearsonclinical.ca\/fr-ca\/Le-magasin\/Professional-Assessments\/Comportement\/Autisme\/Autism-Diagnostic-Observation-Schedule---Second-Edition\/p\/P100008243\" target=\"_blank\" rel=\"noopener\">Pearson Canada<\/a> ou <a href=\"https:\/\/www.hogrefe.com\/fr\/shop\/echelle-d-observation-pour-le-diagnostic-de-l-autisme.html\" target=\"_blank\" rel=\"noopener\">Hogrefe (Maison d\u2019\u00e9dition fran\u00e7aise)<\/a>.<\/p>\n<p>Hogrefe France offre exclusivement un rabais de 10% sur l\u2019achat des manuels et cahiers de notation li\u00e9s au S\u00e9minaire.<\/p>\n<p>[\/et_pb_text][et_pb_divider divider_position=\u00a0\u00bbcenter\u00a0\u00bb _builder_version=\u00a0\u00bb4.27.4&Prime; _module_preset=\u00a0\u00bbdefault\u00a0\u00bb width=\u00a0\u00bb60%\u00a0\u00bb custom_margin=\u00a0\u00bb0px|auto|0px|auto|false|false\u00a0\u00bb global_colors_info=\u00a0\u00bb{}\u00a0\u00bb][\/et_pb_divider][et_pb_text admin_label=\u00a0\u00bbObjectives\u00a0\u00bb _builder_version=\u00a0\u00bb4.27.6&Prime; global_colors_info=\u00a0\u00bb{}\u00a0\u00bb]<\/p>\n<h3>Public cible<\/h3>\n<p>Professionnels et \u00e9tudiants aux \u00e9tudes avanc\u00e9es ayant une exp\u00e9rience consid\u00e9rable de travail avec des personnes atteintes de TSA et qui participeront \u00e0 une \u00e9valuation diagnostique des TSA \u00e0 des fins cliniques ou de recherche.<\/p>\n<p>[\/et_pb_text][et_pb_divider divider_position=\u00a0\u00bbcenter\u00a0\u00bb _builder_version=\u00a0\u00bb4.27.4&Prime; _module_preset=\u00a0\u00bbdefault\u00a0\u00bb width=\u00a0\u00bb60%\u00a0\u00bb custom_margin=\u00a0\u00bb0px|auto|0px|auto|false|false\u00a0\u00bb global_colors_info=\u00a0\u00bb{}\u00a0\u00bb][\/et_pb_divider][et_pb_text admin_label=\u00a0\u00bbCancellation Policy\u00a0\u00bb _builder_version=\u00a0\u00bb4.27.6&Prime; global_colors_info=\u00a0\u00bb{}\u00a0\u00bb]<\/p>\n<h3>Politique d\u2019annulation<\/h3>\n<p>Les inscriptions \u00e0 la conf\u00e9rence sont fermes et non remboursables. Cette politique garantit le bon d\u00e9roulement logistique et administratif de l\u2019\u00e9v\u00e9nement. Nous vous remercions de votre compr\u00e9hension et de votre soutien \u00e0 la r\u00e9ussite de cette rencontre clinique.<\/p>\n<p>En cas d\u2019annulation du s\u00e9minaire par l\u2019organisateur, l\u2019organisateur est l\u00e9galement tenu de rembourser les acheteurs et les frais d\u2019inscription seront int\u00e9gralement rembours\u00e9s. Cependant, les frais annexes (transport, h\u00e9bergement, achat de mat\u00e9riel) ne sont pas couverts.<\/p>\n<p>Nous vous remercions de votre compr\u00e9hension et de votre engagement envers la communaut\u00e9 clinique.<\/p>\n<p>[\/et_pb_text][et_pb_button button_url=\u00a0\u00bbhttps:\/\/cliniquespectrum.com\/fr\/formulaire-de-demande-formation-clinique-ados-2-fev26&Prime; button_text=\u00a0\u00bbPour vous inscrire\u00a0\u00bb disabled_on=\u00a0\u00bbon|on|on\u00a0\u00bb admin_label=\u00a0\u00bbPour vous inscrire\u00a0\u00bb _builder_version=\u00a0\u00bb4.27.6&Prime; _module_preset=\u00a0\u00bbdefault\u00a0\u00bb disabled=\u00a0\u00bbon\u00a0\u00bb global_colors_info=\u00a0\u00bb{}\u00a0\u00bb][\/et_pb_button][\/et_pb_column][et_pb_column type=\u00a0\u00bb1_3&Prime; _builder_version=\u00a0\u00bb4.16&Prime; custom_padding=\u00a0\u00bb|||\u00a0\u00bb global_colors_info=\u00a0\u00bb{}\u00a0\u00bb custom_padding__hover=\u00a0\u00bb|||\u00a0\u00bb][et_pb_sidebar area=\u00a0\u00bbet_pb_widget_area_2&Prime; admin_label=\u00a0\u00bbSidebar\u00a0\u00bb _builder_version=\u00a0\u00bb4.16&Prime; global_colors_info=\u00a0\u00bb{}\u00a0\u00bb][\/et_pb_sidebar][et_pb_image src=\u00a0\u00bbhttps:\/\/cliniquespectrum.com\/wp-content\/uploads\/2026\/03\/ADOS-2-En-presentiel-Seminaire-4-7-mai-2026-Bordeaux.jpg\u00a0\u00bb alt=\u00a0\u00bbADOS-2-En presentiel-Seminaire 4-7 mai 2026-Bordeaux\u00a0\u00bb title_text=\u00a0\u00bbADOS-2-En presentiel-Seminaire 4-7 mai 2026-Bordeaux\u00a0\u00bb show_in_lightbox=\u00a0\u00bbon\u00a0\u00bb align_tablet=\u00a0\u00bbcenter\u00a0\u00bb align_phone=\u00a0\u00bb\u00a0\u00bb align_last_edited=\u00a0\u00bbon|desktop\u00a0\u00bb admin_label=\u00a0\u00bbTraining Poster\u00a0\u00bb _builder_version=\u00a0\u00bb4.27.6&Prime; global_colors_info=\u00a0\u00bb{}\u00a0\u00bb][\/et_pb_image][et_pb_video src=\u00a0\u00bbhttps:\/\/cliniquespectrum.com\/wp-content\/uploads\/2021\/03\/Dr-Simon-Intro-ADOS-Francais.mp4&Prime; image_src=\u00a0\u00bbhttps:\/\/cliniquespectrum.com\/wp-content\/uploads\/2021\/03\/Dr-Simon-Intro-ADOS-Francais-min.jpg\u00a0\u00bb _builder_version=\u00a0\u00bb4.16&Prime; _module_preset=\u00a0\u00bbdefault\u00a0\u00bb global_colors_info=\u00a0\u00bb{}\u00a0\u00bb][\/et_pb_video][\/et_pb_column][\/et_pb_row][\/et_pb_section]<\/p>\n","protected":false},"excerpt":{"rendered":"<p>Formation clinique en pr\u00e9sentiel Formation Clinique \u00e0 l\u2019ADOS-2 (incluant le MODULE \u2018TODDLER\u2019) Dates : 5, 6 et 7 mai, 2026, de 8h30 \u00e0 16h (CET)Lieu : En pr\u00e9sentiel au Ch\u00e2teau de Seguin, 3 Chemin du Bon Coin, Lignan\u2011de\u2011Bordeaux, France \u2013 salle MalbecVotre formatrice : Dre Rebecca SimonLangue : Fran\u00e7aisTarif l\u00e8ve\u2011t\u00f4t : 1 360 \u20acTarif r\u00e9gulier [&hellip;]<\/p>\n","protected":false},"author":1,"featured_media":0,"parent":0,"menu_order":23,"comment_status":"closed","ping_status":"closed","template":"","meta":{"_et_pb_use_builder":"on","_et_pb_old_content":"","_et_gb_content_width":"","footnotes":""},"class_list":["post-7047","page","type-page","status-publish","hentry"],"yoast_head":"<!-- This site is optimized with the Yoast SEO plugin v27.3 - https:\/\/yoast.com\/product\/yoast-seo-wordpress\/ -->\n<title>ADOS-2 Formation clinique en ligne - Clinique Spectrum<\/title>\n<meta name=\"robots\" content=\"index, follow, max-snippet:-1, max-image-preview:large, max-video-preview:-1\" \/>\n<link rel=\"canonical\" href=\"https:\/\/cliniquespectrum.com\/fr\/ados-2-formation-clinique-bordeaux\/\" \/>\n<meta property=\"og:locale\" content=\"fr_FR\" \/>\n<meta property=\"og:type\" content=\"article\" \/>\n<meta property=\"og:title\" content=\"ADOS-2 Formation clinique en ligne - Clinique Spectrum\" \/>\n<meta property=\"og:description\" content=\"Formation clinique en pr\u00e9sentiel Formation Clinique \u00e0 l\u2019ADOS-2 (incluant le MODULE \u2018TODDLER\u2019) Dates : 5, 6 et 7 mai, 2026, de 8h30 \u00e0 16h (CET)Lieu : En pr\u00e9sentiel au Ch\u00e2teau de Seguin, 3 Chemin du Bon Coin, Lignan\u2011de\u2011Bordeaux, France \u2013 salle MalbecVotre formatrice : Dre Rebecca SimonLangue : Fran\u00e7aisTarif l\u00e8ve\u2011t\u00f4t : 1 360 \u20acTarif r\u00e9gulier [&hellip;]\" \/>\n<meta property=\"og:url\" content=\"https:\/\/cliniquespectrum.com\/fr\/ados-2-formation-clinique-bordeaux\/\" \/>\n<meta property=\"og:site_name\" content=\"Clinique Spectrum\" \/>\n<meta property=\"article:publisher\" content=\"https:\/\/www.facebook.com\/CliniqueSpectrum\/\" \/>\n<meta property=\"article:modified_time\" content=\"2026-03-16T20:15:45+00:00\" \/>\n<meta property=\"og:image\" content=\"https:\/\/cliniquespectrum.com\/wp-content\/uploads\/2022\/03\/OPQ-rectangle.jpg\" \/>\n<meta name=\"twitter:card\" content=\"summary_large_image\" \/>\n<meta name=\"twitter:label1\" content=\"Dur\u00e9e de lecture estim\u00e9e\" \/>\n\t<meta name=\"twitter:data1\" content=\"5 minutes\" \/>\n<script type=\"application\/ld+json\" class=\"yoast-schema-graph\">{\"@context\":\"https:\\\/\\\/schema.org\",\"@graph\":[{\"@type\":\"WebPage\",\"@id\":\"https:\\\/\\\/cliniquespectrum.com\\\/fr\\\/ados-2-formation-clinique-bordeaux\\\/\",\"url\":\"https:\\\/\\\/cliniquespectrum.com\\\/fr\\\/ados-2-formation-clinique-bordeaux\\\/\",\"name\":\"ADOS-2 Formation clinique en ligne - Clinique Spectrum\",\"isPartOf\":{\"@id\":\"https:\\\/\\\/cliniquespectrum.com\\\/#website\"},\"primaryImageOfPage\":{\"@id\":\"https:\\\/\\\/cliniquespectrum.com\\\/fr\\\/ados-2-formation-clinique-bordeaux\\\/#primaryimage\"},\"image\":{\"@id\":\"https:\\\/\\\/cliniquespectrum.com\\\/fr\\\/ados-2-formation-clinique-bordeaux\\\/#primaryimage\"},\"thumbnailUrl\":\"https:\\\/\\\/cliniquespectrum.com\\\/wp-content\\\/uploads\\\/2022\\\/03\\\/OPQ-rectangle.jpg\",\"datePublished\":\"2024-08-09T07:25:12+00:00\",\"dateModified\":\"2026-03-16T20:15:45+00:00\",\"breadcrumb\":{\"@id\":\"https:\\\/\\\/cliniquespectrum.com\\\/fr\\\/ados-2-formation-clinique-bordeaux\\\/#breadcrumb\"},\"inLanguage\":\"fr-FR\",\"potentialAction\":[{\"@type\":\"ReadAction\",\"target\":[\"https:\\\/\\\/cliniquespectrum.com\\\/fr\\\/ados-2-formation-clinique-bordeaux\\\/\"]}]},{\"@type\":\"ImageObject\",\"inLanguage\":\"fr-FR\",\"@id\":\"https:\\\/\\\/cliniquespectrum.com\\\/fr\\\/ados-2-formation-clinique-bordeaux\\\/#primaryimage\",\"url\":\"https:\\\/\\\/cliniquespectrum.com\\\/wp-content\\\/uploads\\\/2022\\\/03\\\/OPQ-rectangle.jpg\",\"contentUrl\":\"https:\\\/\\\/cliniquespectrum.com\\\/wp-content\\\/uploads\\\/2022\\\/03\\\/OPQ-rectangle.jpg\"},{\"@type\":\"BreadcrumbList\",\"@id\":\"https:\\\/\\\/cliniquespectrum.com\\\/fr\\\/ados-2-formation-clinique-bordeaux\\\/#breadcrumb\",\"itemListElement\":[{\"@type\":\"ListItem\",\"position\":1,\"name\":\"Home\",\"item\":\"https:\\\/\\\/cliniquespectrum.com\\\/fr\\\/\"},{\"@type\":\"ListItem\",\"position\":2,\"name\":\"ADOS-2 Formation clinique en ligne\"}]},{\"@type\":\"WebSite\",\"@id\":\"https:\\\/\\\/cliniquespectrum.com\\\/#website\",\"url\":\"https:\\\/\\\/cliniquespectrum.com\\\/\",\"name\":\"Clinique Spectrum\",\"description\":\"dev site\",\"publisher\":{\"@id\":\"https:\\\/\\\/cliniquespectrum.com\\\/#organization\"},\"potentialAction\":[{\"@type\":\"SearchAction\",\"target\":{\"@type\":\"EntryPoint\",\"urlTemplate\":\"https:\\\/\\\/cliniquespectrum.com\\\/?s={search_term_string}\"},\"query-input\":{\"@type\":\"PropertyValueSpecification\",\"valueRequired\":true,\"valueName\":\"search_term_string\"}}],\"inLanguage\":\"fr-FR\"},{\"@type\":\"Organization\",\"@id\":\"https:\\\/\\\/cliniquespectrum.com\\\/#organization\",\"name\":\"Clinique Spectrum\",\"url\":\"https:\\\/\\\/cliniquespectrum.com\\\/\",\"logo\":{\"@type\":\"ImageObject\",\"inLanguage\":\"fr-FR\",\"@id\":\"https:\\\/\\\/cliniquespectrum.com\\\/#\\\/schema\\\/logo\\\/image\\\/\",\"url\":\"https:\\\/\\\/i2.wp.com\\\/cliniquespectrum.com\\\/wp-content\\\/uploads\\\/2018\\\/12\\\/clinique-spectrum-logo-1.jpg?fit=412%2C93&ssl=1\",\"contentUrl\":\"https:\\\/\\\/i2.wp.com\\\/cliniquespectrum.com\\\/wp-content\\\/uploads\\\/2018\\\/12\\\/clinique-spectrum-logo-1.jpg?fit=412%2C93&ssl=1\",\"width\":412,\"height\":93,\"caption\":\"Clinique Spectrum\"},\"image\":{\"@id\":\"https:\\\/\\\/cliniquespectrum.com\\\/#\\\/schema\\\/logo\\\/image\\\/\"},\"sameAs\":[\"https:\\\/\\\/www.facebook.com\\\/CliniqueSpectrum\\\/\"]}]}<\/script>\n<!-- \/ Yoast SEO plugin. -->","yoast_head_json":{"title":"ADOS-2 Formation clinique en ligne - Clinique Spectrum","robots":{"index":"index","follow":"follow","max-snippet":"max-snippet:-1","max-image-preview":"max-image-preview:large","max-video-preview":"max-video-preview:-1"},"canonical":"https:\/\/cliniquespectrum.com\/fr\/ados-2-formation-clinique-bordeaux\/","og_locale":"fr_FR","og_type":"article","og_title":"ADOS-2 Formation clinique en ligne - Clinique Spectrum","og_description":"Formation clinique en pr\u00e9sentiel Formation Clinique \u00e0 l\u2019ADOS-2 (incluant le MODULE \u2018TODDLER\u2019) Dates : 5, 6 et 7 mai, 2026, de 8h30 \u00e0 16h (CET)Lieu : En pr\u00e9sentiel au Ch\u00e2teau de Seguin, 3 Chemin du Bon Coin, Lignan\u2011de\u2011Bordeaux, France \u2013 salle MalbecVotre formatrice : Dre Rebecca SimonLangue : Fran\u00e7aisTarif l\u00e8ve\u2011t\u00f4t : 1 360 \u20acTarif r\u00e9gulier [&hellip;]","og_url":"https:\/\/cliniquespectrum.com\/fr\/ados-2-formation-clinique-bordeaux\/","og_site_name":"Clinique Spectrum","article_publisher":"https:\/\/www.facebook.com\/CliniqueSpectrum\/","article_modified_time":"2026-03-16T20:15:45+00:00","og_image":[{"url":"https:\/\/cliniquespectrum.com\/wp-content\/uploads\/2022\/03\/OPQ-rectangle.jpg","type":"","width":"","height":""}],"twitter_card":"summary_large_image","twitter_misc":{"Dur\u00e9e de lecture estim\u00e9e":"5 minutes"},"schema":{"@context":"https:\/\/schema.org","@graph":[{"@type":"WebPage","@id":"https:\/\/cliniquespectrum.com\/fr\/ados-2-formation-clinique-bordeaux\/","url":"https:\/\/cliniquespectrum.com\/fr\/ados-2-formation-clinique-bordeaux\/","name":"ADOS-2 Formation clinique en ligne - Clinique Spectrum","isPartOf":{"@id":"https:\/\/cliniquespectrum.com\/#website"},"primaryImageOfPage":{"@id":"https:\/\/cliniquespectrum.com\/fr\/ados-2-formation-clinique-bordeaux\/#primaryimage"},"image":{"@id":"https:\/\/cliniquespectrum.com\/fr\/ados-2-formation-clinique-bordeaux\/#primaryimage"},"thumbnailUrl":"https:\/\/cliniquespectrum.com\/wp-content\/uploads\/2022\/03\/OPQ-rectangle.jpg","datePublished":"2024-08-09T07:25:12+00:00","dateModified":"2026-03-16T20:15:45+00:00","breadcrumb":{"@id":"https:\/\/cliniquespectrum.com\/fr\/ados-2-formation-clinique-bordeaux\/#breadcrumb"},"inLanguage":"fr-FR","potentialAction":[{"@type":"ReadAction","target":["https:\/\/cliniquespectrum.com\/fr\/ados-2-formation-clinique-bordeaux\/"]}]},{"@type":"ImageObject","inLanguage":"fr-FR","@id":"https:\/\/cliniquespectrum.com\/fr\/ados-2-formation-clinique-bordeaux\/#primaryimage","url":"https:\/\/cliniquespectrum.com\/wp-content\/uploads\/2022\/03\/OPQ-rectangle.jpg","contentUrl":"https:\/\/cliniquespectrum.com\/wp-content\/uploads\/2022\/03\/OPQ-rectangle.jpg"},{"@type":"BreadcrumbList","@id":"https:\/\/cliniquespectrum.com\/fr\/ados-2-formation-clinique-bordeaux\/#breadcrumb","itemListElement":[{"@type":"ListItem","position":1,"name":"Home","item":"https:\/\/cliniquespectrum.com\/fr\/"},{"@type":"ListItem","position":2,"name":"ADOS-2 Formation clinique en ligne"}]},{"@type":"WebSite","@id":"https:\/\/cliniquespectrum.com\/#website","url":"https:\/\/cliniquespectrum.com\/","name":"Clinique Spectrum","description":"dev site","publisher":{"@id":"https:\/\/cliniquespectrum.com\/#organization"},"potentialAction":[{"@type":"SearchAction","target":{"@type":"EntryPoint","urlTemplate":"https:\/\/cliniquespectrum.com\/?s={search_term_string}"},"query-input":{"@type":"PropertyValueSpecification","valueRequired":true,"valueName":"search_term_string"}}],"inLanguage":"fr-FR"},{"@type":"Organization","@id":"https:\/\/cliniquespectrum.com\/#organization","name":"Clinique Spectrum","url":"https:\/\/cliniquespectrum.com\/","logo":{"@type":"ImageObject","inLanguage":"fr-FR","@id":"https:\/\/cliniquespectrum.com\/#\/schema\/logo\/image\/","url":"https:\/\/i2.wp.com\/cliniquespectrum.com\/wp-content\/uploads\/2018\/12\/clinique-spectrum-logo-1.jpg?fit=412%2C93&ssl=1","contentUrl":"https:\/\/i2.wp.com\/cliniquespectrum.com\/wp-content\/uploads\/2018\/12\/clinique-spectrum-logo-1.jpg?fit=412%2C93&ssl=1","width":412,"height":93,"caption":"Clinique Spectrum"},"image":{"@id":"https:\/\/cliniquespectrum.com\/#\/schema\/logo\/image\/"},"sameAs":["https:\/\/www.facebook.com\/CliniqueSpectrum\/"]}]}},"_links":{"self":[{"href":"https:\/\/cliniquespectrum.com\/fr\/wp-json\/wp\/v2\/pages\/7047","targetHints":{"allow":["GET"]}}],"collection":[{"href":"https:\/\/cliniquespectrum.com\/fr\/wp-json\/wp\/v2\/pages"}],"about":[{"href":"https:\/\/cliniquespectrum.com\/fr\/wp-json\/wp\/v2\/types\/page"}],"author":[{"embeddable":true,"href":"https:\/\/cliniquespectrum.com\/fr\/wp-json\/wp\/v2\/users\/1"}],"replies":[{"embeddable":true,"href":"https:\/\/cliniquespectrum.com\/fr\/wp-json\/wp\/v2\/comments?post=7047"}],"version-history":[{"count":5,"href":"https:\/\/cliniquespectrum.com\/fr\/wp-json\/wp\/v2\/pages\/7047\/revisions"}],"predecessor-version":[{"id":12833,"href":"https:\/\/cliniquespectrum.com\/fr\/wp-json\/wp\/v2\/pages\/7047\/revisions\/12833"}],"wp:attachment":[{"href":"https:\/\/cliniquespectrum.com\/fr\/wp-json\/wp\/v2\/media?parent=7047"}],"curies":[{"name":"wp","href":"https:\/\/api.w.org\/{rel}","templated":true}]}}